{"id":434,"date":"2024-04-19T11:43:46","date_gmt":"2024-04-19T11:43:46","guid":{"rendered":"https:\/\/varostepitek.hu\/?page_id=434"},"modified":"2024-04-19T12:20:06","modified_gmt":"2024-04-19T12:20:06","slug":"adatkezelesi-tajekoztato","status":"publish","type":"page","link":"https:\/\/varostepitek.hu\/?page_id=434","title":{"rendered":"Adatkezel\u00e9si t\u00e1j\u00e9koztat\u00f3"},"content":{"rendered":"\t\t<div data-elementor-type=\"wp-page\" data-elementor-id=\"434\" class=\"elementor elementor-434\" data-elementor-post-type=\"page\">\n\t\t\t\t<div class=\"elementor-element elementor-element-1a632828 e-flex e-con-boxed elementor-invisible e-con e-parent\" data-id=\"1a632828\" data-element_type=\"container\" id=\"requestform\" data-settings=\"{&quot;animation&quot;:&quot;fadeIn&quot;,&quot;animation_mobile&quot;:&quot;none&quot;,&quot;animation_delay&quot;:&quot;1250&quot;}\" data-core-v316-plus=\"true\">\n\t\t\t\t\t<div class=\"e-con-inner\">\n\t\t\t\t<div class=\"elementor-element elementor-element-5b3fef00 elementor-widget elementor-widget-image\" data-id=\"5b3fef00\" data-element_type=\"widget\" data-settings=\"{&quot;_animation&quot;:&quot;none&quot;,&quot;_animation_mobile&quot;:&quot;none&quot;}\" data-widget_type=\"image.default\">\n\t\t\t\t<div class=\"elementor-widget-container\">\n\t\t\t<style>\/*! elementor - v3.20.0 - 10-04-2024 *\/\n.elementor-widget-image{text-align:center}.elementor-widget-image a{display:inline-block}.elementor-widget-image a img[src$=\".svg\"]{width:48px}.elementor-widget-image img{vertical-align:middle;display:inline-block}<\/style>\t\t\t\t\t\t\t\t\t\t<img fetchpriority=\"high\" decoding=\"async\" width=\"1024\" height=\"568\" src=\"https:\/\/varostepitek.hu\/wp-content\/uploads\/2024\/04\/varostepitek_logo2-01-1024x568.png\" class=\"attachment-large size-large wp-image-45\" alt=\"\" srcset=\"https:\/\/varostepitek.hu\/wp-content\/uploads\/2024\/04\/varostepitek_logo2-01-1024x568.png 1024w, https:\/\/varostepitek.hu\/wp-content\/uploads\/2024\/04\/varostepitek_logo2-01-300x166.png 300w, https:\/\/varostepitek.hu\/wp-content\/uploads\/2024\/04\/varostepitek_logo2-01-768x426.png 768w, https:\/\/varostepitek.hu\/wp-content\/uploads\/2024\/04\/varostepitek_logo2-01-1536x852.png 1536w, https:\/\/varostepitek.hu\/wp-content\/uploads\/2024\/04\/varostepitek_logo2-01.png 1772w\" sizes=\"(max-width: 1024px) 100vw, 1024px\" \/>\t\t\t\t\t\t\t\t\t\t\t\t\t<\/div>\n\t\t\t\t<\/div>\n\t\t\t\t\t<\/div>\n\t\t\t\t<\/div>\n\t\t<div class=\"elementor-element elementor-element-7ce7c52b animated-fast e-flex e-con-boxed elementor-invisible e-con e-parent\" data-id=\"7ce7c52b\" data-element_type=\"container\" data-settings=\"{&quot;background_background&quot;:&quot;classic&quot;,&quot;animation&quot;:&quot;fadeInUp&quot;,&quot;animation_tablet&quot;:&quot;fadeIn&quot;,&quot;animation_mobile&quot;:&quot;none&quot;,&quot;animation_delay&quot;:&quot;600&quot;}\" data-core-v316-plus=\"true\">\n\t\t\t\t\t<div class=\"e-con-inner\">\n\t\t<div class=\"elementor-element elementor-element-252ad09b e-con-full e-flex e-con e-child\" data-id=\"252ad09b\" data-element_type=\"container\" data-settings=\"{&quot;background_background&quot;:&quot;classic&quot;}\">\n\t\t<div class=\"elementor-element elementor-element-534fdc2c e-flex e-con-boxed e-con e-child\" data-id=\"534fdc2c\" data-element_type=\"container\">\n\t\t\t\t\t<div class=\"e-con-inner\">\n\t\t\t\t<div class=\"elementor-element elementor-element-3b81b761 elementor-widget elementor-widget-heading\" data-id=\"3b81b761\" data-element_type=\"widget\" data-widget_type=\"heading.default\">\n\t\t\t\t<div class=\"elementor-widget-container\">\n\t\t\t<style>\/*! elementor - v3.20.0 - 10-04-2024 *\/\n.elementor-heading-title{padding:0;margin:0;line-height:1}.elementor-widget-heading .elementor-heading-title[class*=elementor-size-]>a{color:inherit;font-size:inherit;line-height:inherit}.elementor-widget-heading .elementor-heading-title.elementor-size-small{font-size:15px}.elementor-widget-heading .elementor-heading-title.elementor-size-medium{font-size:19px}.elementor-widget-heading .elementor-heading-title.elementor-size-large{font-size:29px}.elementor-widget-heading .elementor-heading-title.elementor-size-xl{font-size:39px}.elementor-widget-heading .elementor-heading-title.elementor-size-xxl{font-size:59px}<\/style><h1 class=\"elementor-heading-title elementor-size-default\">Adatkezel\u00e9si t\u00e1j\u00e9koztat\u00f3<\/h1>\t\t<\/div>\n\t\t\t\t<\/div>\n\t\t\t\t<div class=\"elementor-element elementor-element-9419cb9 elementor-widget elementor-widget-text-editor\" data-id=\"9419cb9\" data-element_type=\"widget\" data-widget_type=\"text-editor.default\">\n\t\t\t\t<div class=\"elementor-widget-container\">\n\t\t\t<style>\/*! elementor - v3.20.0 - 10-04-2024 *\/\n.elementor-widget-text-editor.elementor-drop-cap-view-stacked .elementor-drop-cap{background-color:#69727d;color:#fff}.elementor-widget-text-editor.elementor-drop-cap-view-framed .elementor-drop-cap{color:#69727d;border:3px solid;background-color:transparent}.elementor-widget-text-editor:not(.elementor-drop-cap-view-default) .elementor-drop-cap{margin-top:8px}.elementor-widget-text-editor:not(.elementor-drop-cap-view-default) .elementor-drop-cap-letter{width:1em;height:1em}.elementor-widget-text-editor .elementor-drop-cap{float:left;text-align:center;line-height:1;font-size:50px}.elementor-widget-text-editor .elementor-drop-cap-letter{display:inline-block}<\/style>\t\t\t\t<p>Amelyben t\u00e1j\u00e9koztatjuk \u00d6nt, mint (a <a href=\"http:\/\/www.varostepitek.hu\">www.varostepitek.hu<\/a> oldal l\u00e1togat\u00f3jak\u00e9nt) adatkezel\u00e9s\u00fcnkben \u00e9rintettet adatkezel\u00e9si \u00e9s adatv\u00e9delmi szab\u00e1lyainkr\u00f3l.<\/p>\t\t\t\t\t\t<\/div>\n\t\t\t\t<\/div>\n\t\t\t\t<div class=\"elementor-element elementor-element-f223ffb elementor-toc--content-ellipsis elementor-toc--minimized-on-tablet elementor-widget elementor-widget-table-of-contents\" data-id=\"f223ffb\" data-element_type=\"widget\" data-settings=\"{&quot;exclude_headings_by_selector&quot;:[],&quot;marker_view&quot;:&quot;bullets&quot;,&quot;headings_by_tags&quot;:[&quot;h2&quot;,&quot;h3&quot;,&quot;h4&quot;,&quot;h5&quot;,&quot;h6&quot;],&quot;icon&quot;:{&quot;value&quot;:&quot;fas fa-circle&quot;,&quot;library&quot;:&quot;fa-solid&quot;,&quot;rendered_tag&quot;:&quot;&lt;svg class=\\&quot;e-font-icon-svg e-fas-circle\\&quot; viewBox=\\&quot;0 0 512 512\\&quot; xmlns=\\&quot;http:\\\/\\\/www.w3.org\\\/2000\\\/svg\\&quot;&gt;&lt;path d=\\&quot;M256 8C119 8 8 119 8 256s111 248 248 248 248-111 248-248S393 8 256 8z\\&quot;&gt;&lt;\\\/path&gt;&lt;\\\/svg&gt;&quot;},&quot;minimize_box&quot;:&quot;yes&quot;,&quot;minimized_on&quot;:&quot;tablet&quot;,&quot;hierarchical_view&quot;:&quot;yes&quot;,&quot;min_height&quot;:{&quot;unit&quot;:&quot;px&quot;,&quot;size&quot;:&quot;&quot;,&quot;sizes&quot;:[]},&quot;min_height_tablet&quot;:{&quot;unit&quot;:&quot;px&quot;,&quot;size&quot;:&quot;&quot;,&quot;sizes&quot;:[]},&quot;min_height_mobile&quot;:{&quot;unit&quot;:&quot;px&quot;,&quot;size&quot;:&quot;&quot;,&quot;sizes&quot;:[]}}\" data-widget_type=\"table-of-contents.default\">\n\t\t\t\t<div class=\"elementor-widget-container\">\n\t\t\t<style>\/*! elementor-pro - v3.19.0 - 07-02-2024 *\/\n.elementor-widget-table-of-contents .elementor-toc__header-title{color:var(--header-color)}.elementor-widget-table-of-contents.elementor-toc--collapsed .elementor-toc__toggle-button--collapse,.elementor-widget-table-of-contents:not(.elementor-toc--collapsed) .elementor-toc__toggle-button--expand{display:none}.elementor-widget-table-of-contents .elementor-widget-container{min-height:var(--box-min-height);border:var(--box-border-width,1px) solid var(--box-border-color,#9da5ae);border-radius:var(--box-border-radius,3px);background-color:var(--box-background-color);transition:min-height .4s;overflow:hidden}.elementor-toc__header{display:flex;align-items:center;justify-content:space-between;padding:var(--box-padding,20px);background-color:var(--header-background-color);border-bottom:var(--separator-width,1px) solid var(--box-border-color,#9da5ae)}.elementor-toc__header-title{font-size:18px;margin:0;color:var(--header-color)}.elementor-toc__toggle-button{cursor:pointer;display:inline-flex}.elementor-toc__toggle-button i{color:var(--toggle-button-color)}.elementor-toc__toggle-button svg{height:1em;width:1em;fill:var(--toggle-button-color)}.elementor-toc__spinner-container{text-align:center}.elementor-toc__spinner{font-size:2em}.elementor-toc__spinner.e-font-icon-svg{height:1em;width:1em}.elementor-toc__body{padding:var(--box-padding,20px);max-height:var(--toc-body-max-height);overflow-y:auto}.elementor-toc__body::-webkit-scrollbar{width:7px}.elementor-toc__body::-webkit-scrollbar-thumb{background-color:#babfc5;border-radius:10px}.elementor-toc__list-wrapper{list-style:none;padding:0}.elementor-toc__list-item{margin-bottom:.5em}.elementor-toc__list-item.elementor-item-active{font-weight:700}.elementor-toc__list-item .elementor-toc__list-wrapper{margin-top:.5em;margin-left:var(--nested-list-indent,1em)}.elementor-toc__list-item-text:hover{color:var(--item-text-hover-color);-webkit-text-decoration:var(--item-text-hover-decoration);text-decoration:var(--item-text-hover-decoration)}.elementor-toc__list-item-text.elementor-item-active{color:var(--item-text-active-color);-webkit-text-decoration:var(--item-text-active-decoration);text-decoration:var(--item-text-active-decoration)}.elementor-toc__list-item-text-wrapper{display:flex;align-items:center}.elementor-toc__list-item-text-wrapper:before,.elementor-toc__list-item-text-wrapper i{margin-right:8px;color:var(--marker-color)}.elementor-toc__list-item-text-wrapper svg{margin-right:8px;fill:var(--marker-color);height:var(--marker-size,.5em);width:var(--marker-size,.5em)}.elementor-toc__list-item-text-wrapper i{font-size:var(--marker-size,.5em)}.elementor-toc__list-item-text-wrapper:before{font-size:var(--marker-size,1em)}.elementor-toc--content-ellipsis .elementor-toc__list-item-text{white-space:nowrap;overflow:hidden;text-overflow:ellipsis}.elementor-toc__list-items--collapsible>.elementor-toc__list-wrapper>.elementor-toc__list-item>.elementor-toc__list-wrapper{display:none}.elementor-toc__heading-anchor{position:absolute}.elementor-toc__body .elementor-toc__list-item-text{color:var(--item-text-color);-webkit-text-decoration:var(--item-text-decoration);text-decoration:var(--item-text-decoration)}.elementor-toc__body .elementor-toc__list-item-text:hover{color:var(--item-text-hover-color);-webkit-text-decoration:var(--item-text-hover-decoration);text-decoration:var(--item-text-hover-decoration)}.elementor-toc__body .elementor-toc__list-item-text.elementor-item-active{color:var(--item-text-active-color);-webkit-text-decoration:var(--item-text-active-decoration);text-decoration:var(--item-text-active-decoration)}ol.elementor-toc__list-wrapper{counter-reset:item}ol.elementor-toc__list-wrapper .elementor-toc__list-item{counter-increment:item}ol.elementor-toc__list-wrapper .elementor-toc__list-item-text-wrapper:before{content:counters(item,\".\") \". \"}<\/style>\t\t<div class=\"elementor-toc__header\">\n\t\t\t<h4 class=\"elementor-toc__header-title\">\n\t\t\t\tTartalomjegyz\u00e9k\t\t\t<\/h4>\n\t\t\t\t\t\t\t<div class=\"elementor-toc__toggle-button elementor-toc__toggle-button--expand\" role=\"button\" tabindex=\"0\" aria-controls=\"elementor-toc__f223ffb\" aria-expanded=\"true\" aria-label=\"Open table of contents\"><svg aria-hidden=\"true\" class=\"e-font-icon-svg e-fas-chevron-down\" viewBox=\"0 0 448 512\" xmlns=\"http:\/\/www.w3.org\/2000\/svg\"><path d=\"M207.029 381.476L12.686 187.132c-9.373-9.373-9.373-24.569 0-33.941l22.667-22.667c9.357-9.357 24.522-9.375 33.901-.04L224 284.505l154.745-154.021c9.379-9.335 24.544-9.317 33.901.04l22.667 22.667c9.373 9.373 9.373 24.569 0 33.941L240.971 381.476c-9.373 9.372-24.569 9.372-33.942 0z\"><\/path><\/svg><\/div>\n\t\t\t\t<div class=\"elementor-toc__toggle-button elementor-toc__toggle-button--collapse\" role=\"button\" tabindex=\"0\" aria-controls=\"elementor-toc__f223ffb\" aria-expanded=\"true\" aria-label=\"Close table of contents\"><svg aria-hidden=\"true\" class=\"e-font-icon-svg e-fas-chevron-up\" viewBox=\"0 0 448 512\" xmlns=\"http:\/\/www.w3.org\/2000\/svg\"><path d=\"M240.971 130.524l194.343 194.343c9.373 9.373 9.373 24.569 0 33.941l-22.667 22.667c-9.357 9.357-24.522 9.375-33.901.04L224 227.495 69.255 381.516c-9.379 9.335-24.544 9.317-33.901-.04l-22.667-22.667c-9.373-9.373-9.373-24.569 0-33.941L207.03 130.525c9.372-9.373 24.568-9.373 33.941-.001z\"><\/path><\/svg><\/div>\n\t\t\t\t\t<\/div>\n\t\t<div id=\"elementor-toc__f223ffb\" class=\"elementor-toc__body\">\n\t\t\t<div class=\"elementor-toc__spinner-container\">\n\t\t\t\t<svg class=\"elementor-toc__spinner eicon-animation-spin e-font-icon-svg e-eicon-loading\" aria-hidden=\"true\" viewBox=\"0 0 1000 1000\" xmlns=\"http:\/\/www.w3.org\/2000\/svg\"><path d=\"M500 975V858C696 858 858 696 858 500S696 142 500 142 142 304 142 500H25C25 237 238 25 500 25S975 237 975 500 763 975 500 975Z\"><\/path><\/svg>\t\t\t<\/div>\n\t\t<\/div>\n\t\t\t\t<\/div>\n\t\t\t\t<\/div>\n\t\t\t\t<div class=\"elementor-element elementor-element-5a36ba7 elementor-widget elementor-widget-text-editor\" data-id=\"5a36ba7\" data-element_type=\"widget\" data-widget_type=\"text-editor.default\">\n\t\t\t\t<div class=\"elementor-widget-container\">\n\t\t\t\t\t\t\t<h4>1. Milyen alapelveket k\u00f6vet\u00fcnk adatkezel\u00e9s\u00fcnk sor\u00e1n?<\/h4><p>\u00a0<\/p><p><strong>Adatkezel\u00e9s\u00fcnk sor\u00e1n al\u00e1bbi alapelveket k\u00f6vetj\u00fck:<\/strong> <br \/>a) a szem\u00e9lyes adatokat jogszer\u0171en \u00e9s tisztess\u00e9gesen, valamint az \u00e9rintettek sz\u00e1m\u00e1ra \u00e1tl\u00e1that\u00f3an kezelj\u00fck, <br \/>b) a szem\u00e9lyes adatokat csak meghat\u00e1rozott, egy\u00e9rtelm\u0171 \u00e9s jogszer\u0171 c\u00e9lb\u00f3l gy\u0171jtj\u00fck \u00e9s azokat nem kezelj\u00fck a c\u00e9lokkal \u00f6ssze nem egyeztethet\u0151 m\u00f3don, <br \/>c) az \u00e1ltalunk gy\u0171jt\u00f6tt \u00e9s kezelt szem\u00e9lyes adatok az adatkezel\u00e9s c\u00e9ljai szempontj\u00e1b\u00f3l megfelel\u0151ek \u00e9s relev\u00e1nsak, valamint csak a sz\u00fcks\u00e9gesre korl\u00e1toz\u00f3dnak, <br \/>d) minden \u00e9sszer\u0171 int\u00e9zked\u00e9st megtesz\u00fcnk annak \u00e9rdek\u00e9ben, hogy az \u00e1ltalunk kezelt adatok pontosak \u00e9s sz\u00fcks\u00e9g eset\u00e9n naprak\u00e9szek legyenek, a pontatlan szem\u00e9lyes adatokat halad\u00e9ktalanul t\u00f6r\u00f6lj\u00fck vagy helyesb\u00edtj\u00fck, <br \/>e) a szem\u00e9lyes adatokat olyan form\u00e1ban t\u00e1roljuk, hogy az \u00e9rintettek csak a szem\u00e9lyes adatok kezel\u00e9se c\u00e9ljainak el\u00e9r\u00e9s\u00e9hez sz\u00fcks\u00e9ges ideig legyenek azonos\u00edthat\u00f3ak, <br \/>f) megfelel\u0151 technikai \u00e9s szervez\u00e9si int\u00e9zked\u00e9sek alkalmaz\u00e1s\u00e1val biztos\u00edtjuk a szem\u00e9lyes adatok megfelel\u0151 biztons\u00e1g\u00e1t az adatok jogosulatlan vagy jogellenes kezel\u00e9s\u00e9vel, v\u00e9letlen elveszt\u00e9s\u00e9vel, megsemmis\u00edt\u00e9s\u00e9vel vagy k\u00e1rosod\u00e1s\u00e1val szemben.<\/p><p>\u00a0<\/p><h4>2. Kik vagyunk?<\/h4><p>\u00a0<\/p><p><strong>Adatkezel\u0151: V\u00e1rosk\u00f6zpont Egyes\u00fclet<\/strong><br \/><strong>Honlap:<\/strong> <a href=\"http:\/\/www.varostepitek.hu\">www.varostepitek.hu<\/a><br \/><strong>Sz\u00e9khely:<\/strong> 1119 Budapest, Etele \u00fat 32\/c 8.em\/71.<br \/><strong>Nyilv\u00e1ntart\u00e1si sz\u00e1m:<\/strong> 01-02-0017869<br \/><strong>K\u00f6zponti e-mail c\u00edm:<\/strong> varostepitek@gmail.com<br \/><strong>Ad\u00f3sz\u00e1m:<\/strong> 19338176-1-43<br \/><strong>Adatv\u00e9delmi \u00fcgyekben haszn\u00e1lt e-mail c\u00edm:<\/strong> varostepitek@gmail.com <br \/><strong>T\u00e1rsas\u00e1gunk adatv\u00e9delmi tisztvisel\u0151j\u00e9nek el\u00e9rhet\u0151s\u00e9ge:<\/strong> <br \/>varostepitek@gmail.com<\/p><p>Az adatok kezel\u00e9se sor\u00e1n adatfeldolgoz\u00f3kat vesz\u00fcnk ig\u00e9nybe. Az adatfeldolgoz\u00f3k list\u00e1j\u00e1t az 1. sz. mell\u00e9klet tartalmazza. Amennyiben az adatfeldolgoz\u00f3ink, illetve a vel\u00fcnk k\u00f6z\u00f6sen adatkezel\u0151k k\u00f6r\u00e9t m\u00f3dos\u00edtjuk, a v\u00e1ltoz\u00e1sokat \u00e1tvezetj\u00fck jelen t\u00e1j\u00e9koztat\u00f3nkban. <br \/>Az \u00e9rintettekkel kapcsolatban kezelt adatokat a 2. sz. mell\u00e9klet tartalmazza, illetve a kamp\u00e1nyainkkal \u00e9s k\u00f6z\u00f6s adatkezel\u00e9seinkkel kapcsolatos r\u00e9szletes t\u00e1j\u00e9koztat\u00f3kat is \u2013 kamp\u00e1nyonk\u00e9nt \u2013 k\u00fcl\u00f6n mell\u00e9kletben bocs\u00e1tjuk az \u00e9rintettek rendelkez\u00e9s\u00e9re. <br \/>Az adatkezel\u00e9ssel kapcsolatos k\u00e9rd\u00e9seivel az \u00e9rintettek az varostepitek@gmail.com email, illetve postac\u00edm\u00fcnk\u00f6n k\u00e9rhet tov\u00e1bbi t\u00e1j\u00e9koztat\u00e1st, v\u00e1laszunkat k\u00e9sedelem n\u00e9lk\u00fcl, legfeljebb azonban egy h\u00f3napon bel\u00fcl megk\u00fcldj\u00fck az \u00e9rintettek \u00e1ltal megadott el\u00e9rhet\u0151s\u00e9gre. <br \/>A honlapunkon tal\u00e1lhat\u00f3 s\u00fctikkel kapcsolatos t\u00e1j\u00e9koztat\u00e1sunkat a 3. sz. mell\u00e9klet tartalmazza.<\/p><p>\u00a0<\/p><h4>3. Mit kell tudni m\u00e9g az adatkezel\u00e9seinkr\u0151l?<\/h4><h4>3.1. Adatszolg\u00e1ltat\u00e1s<\/h4><p>\u00a0<\/p><p>Amennyiben a szem\u00e9lyes adatokat \u00d6n, mint \u00e9rintett bocs\u00e1tja a rendelkez\u00e9s\u00fcnkre k\u00e9rj\u00fck, hogy adatok k\u00f6zl\u00e9sekor fokozatosan \u00fcgyeljen azok val\u00f3dis\u00e1g\u00e1ra, helyess\u00e9g\u00e9re \u00e9s pontoss\u00e1g\u00e1ra, mert ezek\u00e9rt \u00d6n a felel\u0151s. A helytelen, pontatlan vagy hi\u00e1nyos adat akad\u00e1lya lehet az adott adatkezel\u00e9si c\u00e9l teljes\u00fcl\u00e9s\u00e9nek. <br \/><strong>Az adatszolg\u00e1ltat\u00e1s elmarad\u00e1s\u00e1nak hat\u00e1sa az adatkezel\u00e9sre:<\/strong> <br \/>\u2022 amennyiben az adatszolg\u00e1ltat\u00e1sra jogi k\u00f6telezetts\u00e9g\u00fcnk teljes\u00edt\u00e9se \u00e9rdek\u00e9ben van sz\u00fcks\u00e9g, ezen k\u00f6telezetts\u00e9g\u00fcnk teljes\u00edt\u00e9se lehetetlenn\u00e9 v\u00e1lik <br \/>\u2022 amennyiben az adatszolg\u00e1ltat\u00e1sra szerz\u0151d\u00e9s el\u0151k\u00e9sz\u00edt\u00e9se \u00e9rdek\u00e9ben van sz\u00fcks\u00e9g, abban az esetben az adatszolg\u00e1ltat\u00e1s elmulaszt\u00e1sa a szerz\u0151d\u00e9sk\u00f6t\u00e9s elmarad\u00e1s\u00e1t eredm\u00e9nyezi <br \/>\u2022 hozz\u00e1j\u00e1rul\u00e1s meg nem ad\u00e1sa eset\u00e9n nem val\u00f3sulhat meg az az adatkezel\u00e9s, amihez k\u00e9rt\u00fck az \u00d6n hozz\u00e1j\u00e1rul\u00e1s\u00e1t. <br \/>T\u00e1rsas\u00e1gunk nem alkalmaz automatiz\u00e1lt d\u00f6nt\u00e9shozatalt, illetve profilalkot\u00e1st.<\/p><h4>3.2. Adatkezel\u00e9s az \u00e9rintettek hozz\u00e1j\u00e1rul\u00e1sa alapj\u00e1n<\/h4><p>\u00a0<\/p><p>Amennyiben az adatkezel\u00e9s\u00fcnk az \u00d6n hozz\u00e1j\u00e1rul\u00e1s\u00e1n alapszik, abban az esetben \u00d6n a szem\u00e9lyes adatainak kezel\u00e9s\u00e9hez adott hozz\u00e1j\u00e1rul\u00e1s\u00e1t b\u00e1rmikor ingyenesen visszavonhatja. Amennyiben k\u00fcl\u00f6nleges adatot kezel\u00fcnk hozz\u00e1j\u00e1rul\u00e1sra hivatkozva \u2013 azt tekintettel a GDPR 9. cikk (2) bekezd\u00e9s a) pontj\u00e1ra \u2013, azt csakis az \u00d6n kifejezett hozz\u00e1j\u00e1rul\u00e1sa alapj\u00e1n tehetj\u00fck csak meg. <br \/>Amennyiben az adatkezel\u00e9s\u00fcnket az \u00e9rintett hozz\u00e1j\u00e1rul\u00e1sa alapj\u00e1n v\u00e9gezz\u00fck, a k\u00f6zvetlen\u00fcl gyermekeknek k\u00edn\u00e1lt, inform\u00e1ci\u00f3s t\u00e1rsadalommal \u00f6sszef\u00fcgg\u0151 szolg\u00e1ltat\u00e1sok vonatkoz\u00e1s\u00e1ban v\u00e9gzett szem\u00e9lyes adatok kezel\u00e9se akkor jogszer\u0171, ha a gyermek a 18 \u00e9let\u00e9v\u00e9t bet\u00f6lt\u00f6tte. A 18. \u00e9let\u00e9v\u00e9t be nem t\u00f6lt\u00f6tt gyermek eset\u00e9n, a gyermekek szem\u00e9lyes adatainak kezel\u00e9se csak akkor \u00e9s olyan m\u00e9rt\u00e9kben jogszer\u0171, ha a hozz\u00e1j\u00e1rul\u00e1st a gyermek feletti sz\u00fcl\u0151i fel\u00fcgyeletet gyakorl\u00f3 adta meg, illetve enged\u00e9lyezte. Amennyiben nem inform\u00e1ci\u00f3s t\u00e1rsadalommal \u00f6sszef\u00fcgg\u0151 szolg\u00e1ltat\u00e1ssal \u00f6sszef\u00fcgg\u0151 adatkezel\u00e9st v\u00e9gz\u00fcnk, a hozz\u00e1j\u00e1rul\u00e1s szab\u00e1lyaira az \u00e1ltal\u00e1nos szab\u00e1lyok vonatkoznak, azaz 18 \u00e9v alatti \u00e9rintett eset\u00e9ben a sz\u00fcl\u0151i fel\u00fcgyeleti jogot gyakorl\u00f3 szem\u00e9ly adhatja meg \u00e9rv\u00e9nyesen sz\u00e1munkra ezt a hozz\u00e1j\u00e1rul\u00e1st. <br \/>Adatkezel\u0151k\u00e9nt \u2013 figyelembe v\u00e9ve az el\u00e9rhet\u0151 technol\u00f3gi\u00e1t \u2013 \u00e9szszer\u0171 er\u0151fesz\u00edt\u00e9seket tesz\u00fcnk, hogy ilyen esetekben ellen\u0151rizz\u00fck, hogy a hozz\u00e1j\u00e1rul\u00e1st a gyermek feletti sz\u00fcl\u0151i fel\u00fcgyeleti jog gyakorl\u00f3ja adta meg, illetve enged\u00e9lyezte. <br \/>Felh\u00edvjuk az \u00d6n figyelm\u00e9t arra, hogy jogi k\u00f6telezetts\u00e9g\u00fcnk teljes\u00edt\u00e9se vagy jogos \u00e9rdekeink \u00e9rv\u00e9nyes\u00edt\u00e9se c\u00e9lj\u00e1b\u00f3l bizonyos adatokat a hozz\u00e1j\u00e1rul\u00e1s visszavon\u00e1sa ut\u00e1n is kezelhet\u00fcnk, illetve a hozz\u00e1j\u00e1rul\u00e1s visszavon\u00e1sa nem \u00e9rinti a hozz\u00e1j\u00e1rul\u00e1son alapul\u00f3, a visszavon\u00e1s el\u0151tti adatkezel\u00e9s jogszer\u0171s\u00e9g\u00e9t.<\/p><h4>3.2.1. H\u00edrlev\u00e9l szolg\u00e1ltat\u00e1sunk (h\u00edrlev\u00e9l k\u00e9r\u00e9se, illetve lemond\u00e1sa)<\/h4><p>T\u00e1rsas\u00e1gunk h\u00edrlev\u00e9lszolg\u00e1ltat\u00e1st \u00fczemeltet, melynek c\u00e9lja t\u00e1mogat\u00f3ink t\u00e1j\u00e9koztat\u00e1sa tev\u00e9kenys\u00e9g\u00fcnkr\u0151l, illetve a k\u00f6z\u00e9leti esem\u00e9nyek ut\u00e1n \u00e9rdekl\u0151d\u0151k t\u00e1j\u00e9koztat\u00e1sa. <br \/>H\u00edrlev\u00e9lszolg\u00e1ltat\u00e1sunkat csak 18 \u00e9ven fel\u00fcli szem\u00e9ly veheti ig\u00e9nybe a szem\u00e9lyes adatai kezel\u00e9s\u00e9hez hozz\u00e1j\u00e1rul\u00e1s ut\u00e1n. \u00d6n a h\u00edrlevelet b\u00e1rmikor lemondhatja, ebben az esetben t\u00f6bb h\u00edrlevelet nem k\u00fcldhet\u00fcnk \u00d6nnek. A lemond\u00e1s adminisztr\u00e1ci\u00f3j\u00e1nak id\u0151tartama 8 nap. <br \/>K\u00e9rj\u00fck, amennyiben \u00d6n nem iratkozott fel, vagy lemondta a h\u00edrlev\u00e9l szolg\u00e1ltat\u00e1sunkat, \u00e9s \u2013 technikai vagy adminisztr\u00e1ci\u00f3s hib\u00e1nk miatt \u2013 m\u00e9gis kapna t\u0151l\u00fcnk h\u00edrlevelet, azonnal vegye fel vel\u00fcnk a kapcsolatot, hogy halad\u00e9ktalanul orvosoljuk a hib\u00e1nkat.<\/p><h4>3.2.2. Al\u00e1\u00edr\u00e1sgy\u0171jt\u00e9s sor\u00e1n az al\u00e1\u00edr\u00f3 term\u00e9szetes szem\u00e9ly adatainak kezel\u00e9se<\/h4><p>Amennyiben \u00d6n b\u00e1rmelyik al\u00e1\u00edr\u00e1sgy\u0171jt\u00e9s\u00fcnkh\u00f6z al\u00e1\u00edr\u00f3k\u00e9nt csatlakozik, azt csak abban az esetben teheti meg, ha ehhez el\u0151zetesen kifejezetten hozz\u00e1j\u00e1rult \u00e9s bet\u00f6lt\u00f6tte a 18. \u00e9let\u00e9v\u00e9t. 18 \u00e9v alatti szem\u00e9ly nev\u00e9ben a hozz\u00e1j\u00e1rul\u00e1st a sz\u00fcl\u0151i fel\u00fcgyeleti joggal rendelkez\u0151 szem\u00e9ly adhatja meg sz\u00e1munkra. <br \/>K\u00e9rj\u00fck, \u00d6n csak azut\u00e1n adja meg adatkezel\u00e9s\u00fcnkh\u00f6z hozz\u00e1j\u00e1rul\u00e1s\u00e1t, miut\u00e1n megismerte az adatkezel\u00e9ssel kapcsolatos t\u00e1j\u00e9koztat\u00f3 tartalm\u00e1t. <br \/>Az al\u00e1\u00edr\u00e1sok gy\u0171jt\u00e9se sor\u00e1n nem ellen\u0151rizhetj\u00fck az al\u00e1\u00edr\u00f3k szem\u00e9lyazonoss\u00e1g\u00e1t, illetve az \u00e1ltaluk megadott szem\u00e9lyes adatok val\u00f3dis\u00e1g\u00e1t, ez\u00e9rt \u00d6nt e-mailben megk\u00e9rhetj\u00fck a hozz\u00e1j\u00e1rul\u00e1s meger\u0151s\u00edt\u00e9s\u00e9re. K\u00e9rj\u00fck, amennyiben az \u00d6n adataival b\u00e1rki vissza\u00e9lt, ezt halad\u00e9ktalanul jelezze sz\u00e1munkra \u00e9s ebben az esetben az \u00d6n adatait azonnal t\u00f6r\u00f6lj\u00fck a rendszereinkb\u0151l.<\/p><h4>3.2.3. T\u00e1mogat\u00f3ink adatainak kezel\u00e9se (t\u00e1mogat\u00f3inkkal kapcsolatos adatb\u00e1zis)<\/h4><p>Amennyiben \u00d6n t\u00e1mogatni k\u00edv\u00e1nja T\u00e1rsas\u00e1gunkat, az \u00d6n szem\u00e9lyes adatait \u2013 kapcsolattart\u00e1s, illetve esem\u00e9nyeinkr\u0151l, kamp\u00e1nyainkr\u00f3l t\u00e1j\u00e9koztat\u00e1s c\u00e9lj\u00e1b\u00f3l \u2013 az \u00d6n kifejezett hozz\u00e1j\u00e1rul\u00e1sa alapj\u00e1n regisztr\u00e1ljuk \u00e9s t\u00e1roljuk adatb\u00e1zisunkban. Ezt a hozz\u00e1j\u00e1rul\u00e1st \u00d6n b\u00e1rmikor visszavonhatja, ebben az \u00d6n adatainak t\u00f6rl\u00e9s\u00e9vel kapcsolatos adminisztr\u00e1ci\u00f3 id\u0151tartama 8 nap. <br \/>T\u00e1mogat\u00f3ink adatait kamp\u00e1nyainkkal, illetve projektjeinkkel \u00f6sszef\u00fcgg\u00e9sben kezelj\u00fck, elk\u00fcl\u00f6n\u00fclt adatb\u00e1zisokban. Minden kamp\u00e1nyunkkal, illetve projekt\u00fcnkkel kapcsolatban k\u00fcl\u00f6n adatkezel\u00e9si t\u00e1j\u00e9koztat\u00f3t k\u00e9sz\u00edt\u00fcnk.<\/p><h4>3.2.4. \u00d6nk\u00e9ntesnek jelentkez\u0151 szem\u00e9lyekkel kapcsolatos adatb\u00e1zisunk<\/h4><p>T\u00e1rsas\u00e1gunk adatb\u00e1zist m\u0171k\u00f6dtet azon szem\u00e9lyekkel kapcsolatban, akik \u00f6nk\u00e9ntes munk\u00e1t szeretn\u00e9nek sz\u00e1munkra v\u00e9gezni. <br \/>Amennyiben \u00d6n \u00f6nk\u00e9ntes munk\u00e1t szeretne n\u00e1lunk v\u00e9gezni, ebbe az adatb\u00e1zisba kifejezett hozz\u00e1j\u00e1rul\u00e1sa alapj\u00e1n tudjunk \u00d6nt regisztr\u00e1lni. Ezt a hozz\u00e1j\u00e1rul\u00e1st \u00d6n b\u00e1rmikor visszavonhatja, azonban a jogi k\u00f6telezetts\u00e9g\u00fcnk alapj\u00e1n kezelend\u0151 adatokat hozz\u00e1j\u00e1rul\u00e1s visszavon\u00e1sa eset\u00e9n sem t\u00f6r\u00f6lhetj\u00fck, illetve semmis\u00edthetj\u00fck meg (pl. ha \u00d6n mint \u00f6nk\u00e9ntes k\u00f6lts\u00e9gt\u00e9r\u00edt\u00e9sben r\u00e9szes\u00fclt stb.).<\/p><h4>3.2.5. Be\u00e9rkez\u0151 \u00f6n\u00e9letrajzokkal kapcsolatos adatkezel\u00e9s\u00fcnk<\/h4><p>Amennyiben \u00d6n \u2013 \u00e1ll\u00e1skeres\u0151k\u00e9nt \u2013 \u00fagy k\u00fcldi be T\u00e1rsas\u00e1gunkhoz a p\u00e1ly\u00e1zat\u00e1t (\u00f6n\u00e9letrajz\u00e1t, egy\u00e9b dokumentumait), hogy nincs nyitott poz\u00edci\u00f3nk, ebben az esetben csak \u00fagy t\u00e1roljuk az \u00d6n p\u00e1ly\u00e1zat\u00e1t, amennyiben \u00d6n ehhez hozz\u00e1j\u00e1rul\u00e1s\u00e1t adja. Hozz\u00e1j\u00e1rul\u00e1s hi\u00e1ny\u00e1ban a hozz\u00e1nk be\u00e9rkezett p\u00e1ly\u00e1zatokat t\u00f6r\u00f6lj\u00fck, illetve megsemmis\u00edtj\u00fck.<\/p><h4>3.2.6. K\u00fcl\u00f6nleges, illetve b\u0171n\u00fcgyi adatok kezel\u00e9se kifejezett hozz\u00e1j\u00e1rul\u00e1s alapj\u00e1n<\/h4><p>Az adatok k\u00fcl\u00f6nleges kateg\u00f3ri\u00e1j\u00e1ba es\u0151 adatot (GDPR 9. cikk), illetve b\u0171n\u00fcgyi adatot (GDPR 10. cikk) nem kezelhet\u00fcnk kiv\u00e9ve akkor, ha a GDPR 9. cikk (2) bekezd\u00e9s\u00e9ben foglalt kiv\u00e9telek egyik\u00e9re jogszer\u0171en tudunk hivatkozni. Ezen kiv\u00e9telek egyike az \u00d6n, mint \u00e9rintett kifejezett hozz\u00e1j\u00e1rul\u00e1sa, \u00edgy p\u00e9ld\u00e1ul amennyiben \u00d6n olyan \u00fcgyet t\u00e1mogat, amely egyben politikai v\u00e9lem\u00e9ny\u00e9nek kifejez\u00e9se, \u00d6nnek az ezzel a t\u00e1mogat\u00e1ssal kapcsolatos szem\u00e9lyes adatait csakis az \u00d6n kifejezett hozz\u00e1j\u00e1rul\u00e1sa alapj\u00e1n kezelhetj\u00fck. <br \/><strong>A k\u00fcl\u00f6nleges adatok k\u00f6re [GDPR 9. cikk (1) bekezd\u00e9s] alapj\u00e1n:<\/strong> <br \/>\u2022 faji vagy etnikai sz\u00e1rmaz\u00e1sra, <br \/>\u2022 politikai v\u00e9lem\u00e9nyre, <br \/>\u2022 vall\u00e1si vagy vil\u00e1gn\u00e9zeti meggy\u0151z\u0151d\u00e9sre vagy szakszervezeti tags\u00e1gra utal\u00f3 szem\u00e9lyes adatok, valamint <br \/>\u2022 a genetikai adatok, <br \/>\u2022 a term\u00e9szetes szem\u00e9lyek egyedi azonos\u00edt\u00e1s\u00e1t c\u00e9lz\u00f3 biometrikus adatok, <br \/>\u2022 az eg\u00e9szs\u00e9g\u00fcgyi adatok \u00e9s <br \/>\u2022 a term\u00e9szetes szem\u00e9lyek szexu\u00e1lis \u00e9let\u00e9re vagy szexu\u00e1lis ir\u00e1nyults\u00e1g\u00e1ra vonatkoz\u00f3 szem\u00e9lyes adatok<\/p><p><strong>B\u0171n\u00fcgyi szem\u00e9lyes adatok [GDPR 10. cikk] alapj\u00e1n:<\/strong> <br \/>\u2022 a b\u00fcntet\u0151jogi felel\u0151ss\u00e9g meg\u00e1llap\u00edt\u00e1s\u00e1ra vonatkoz\u00f3 hat\u00e1rozatokra \u00e9s a b\u0171ncselekm\u00e9nyekre, illetve <br \/>\u2022 a kapcsol\u00f3d\u00f3 biztons\u00e1gi int\u00e9zked\u00e9sekre vonatkoz\u00f3 szem\u00e9lyes adatok. <br \/>B\u0171n\u00fcgyi szem\u00e9lyes adatok [Infotv. 3.\u00a7 4. pont] alapj\u00e1n <br \/>\u2022 a b\u00fcntet\u0151elj\u00e1r\u00e1s sor\u00e1n vagy azt megel\u0151z\u0151en a b\u0171ncselekm\u00e9nnyel vagy a b\u00fcntet\u0151elj\u00e1r\u00e1ssal \u00f6sszef\u00fcgg\u00e9sben, a b\u00fcntet\u0151elj\u00e1r\u00e1s lefolytat\u00e1s\u00e1ra, illetve a b\u0171ncselekm\u00e9nyek felder\u00edt\u00e9s\u00e9re jogosult szervekn\u00e9l, tov\u00e1bb\u00e1 <br \/>\u2022 a b\u00fcntet\u00e9s-v\u00e9grehajt\u00e1s szervezet\u00e9n\u00e9l keletkezett, az \u00e9rintettel kapcsolatba hozhat\u00f3, valamint <br \/>\u2022 a b\u00fcntetett el\u0151\u00e9letre vonatkoz\u00f3 szem\u00e9lyes adat.<\/p><h4>3.2.7. Nem t\u00f6megfelv\u00e9telnek min\u0151s\u00fcl\u0151 felv\u00e9telekkel kapcsolatos adatkezel\u00e9sek<\/h4><p>Amennyiben olyan felv\u00e9teleket (\u00e1ll\u00f3- illetve mozg\u00f3felv\u00e9teleket) kezel\u00fcnk, amelyek nem min\u0151s\u00fclnek t\u00f6megfelv\u00e9telnek, abban az esetben ezen felv\u00e9telek k\u00e9sz\u00edt\u00e9s\u00e9t, t\u00e1rol\u00e1s\u00e1t \u00e9s tov\u00e1bb\u00edt\u00e1s\u00e1t (nyilv\u00e1noss\u00e1gra hozatal\u00e1t) csakis az \u00d6n (kifejezett) hozz\u00e1j\u00e1rul\u00e1s\u00e1val tehetj\u00fck meg.<\/p><h4>3.2.8. Honlapunkon tal\u00e1lhat\u00f3 s\u00fctikkel kapcsolatos adatkezel\u00e9seink<\/h4><p>A s\u00fctik (cookie-k) olyan kism\u00e9ret\u0171 adatf\u00e1jlok (tov\u00e1bbiakban: s\u00fctik), amelyek a weboldalon kereszt\u00fcl a weboldal haszn\u00e1lat\u00e1val ker\u00fclnek az \u00d6n sz\u00e1m\u00edt\u00f3g\u00e9p\u00e9re \u00fagy, hogy azokat az \u00d6n internetes b\u00f6ng\u00e9sz\u0151je menti le \u00e9s t\u00e1rolja el. A leggyakrabban haszn\u00e1lt internetes b\u00f6ng\u00e9sz\u0151k t\u00f6bbs\u00e9ge alapbe\u00e1ll\u00edt\u00e1sk\u00e9nt elfogadja \u00e9s enged\u00e9lyezi a s\u00fctik let\u00f6lt\u00e9s\u00e9t \u00e9s haszn\u00e1lat\u00e1t, az viszont m\u00e1r \u00d6nt\u0151l f\u00fcgg, hogy a b\u00f6ng\u00e9sz\u0151 be\u00e1ll\u00edt\u00e1sainak m\u00f3dos\u00edt\u00e1s\u00e1val az automatikus elfogad\u00e1st visszautas\u00edtja vagy letiltja, illetve \u00d6n a m\u00e1r az \u00d6n sz\u00e1m\u00edt\u00f3g\u00e9p\u00e9n t\u00e1rolt s\u00fctiket is tudja t\u00f6r\u00f6lni. \u00c1t\u00e1ll\u00edt\u00e1s eset\u00e9n a b\u00f6ng\u00e9sz\u0151 a tov\u00e1bbiakban minden alkalommal felaj\u00e1nlja a s\u00fctik be\u00e1ll\u00edt\u00e1s\u00e1nak v\u00e1laszt\u00e1si lehet\u0151s\u00e9g\u00e9t. <br \/>A s\u00fctik haszn\u00e1lat\u00e1r\u00f3l az egyes b\u00f6ng\u00e9sz\u0151k \u201es\u00fag\u00f3\u201d men\u00fcpontja ny\u00fajt b\u0151vebb t\u00e1j\u00e9koztat\u00e1st (pl. Chrome, Firefox, Internet Explorer, Microsoft Edge) <br \/>Vannak olyan s\u00fctik, amelyek nem ig\u00e9nylik az \u00d6n el\u0151zetes hozz\u00e1j\u00e1rul\u00e1s\u00e1t, ezen s\u00fctik n\u00e9lk\u00fcl egy adott honlap nem tud m\u0171k\u00f6dni (\u201etechnikai s\u00fctik\u201d). Ilyen s\u00fctik lehet p\u00e9ld\u00e1ul \u2013 bizonyos k\u00f6r\u00fclm\u00e9nyek k\u00f6z\u00f6tt \u2013: <br \/>1) felhaszn\u00e1l\u00f3i beviteli s\u00fctik (munkamenet-azonos\u00edt\u00f3) a munkamenet id\u0151tartam\u00e1ra, vagy n\u00e9mely esetben, n\u00e9h\u00e1ny \u00f3r\u00e1ra korl\u00e1tozott tart\u00f3s s\u00fctik, <br \/>2) hiteles\u00edt\u00e9si s\u00fctik, amelyeket hiteles\u00edtett szolg\u00e1ltat\u00e1sok haszn\u00e1lnak, a munkamenet id\u0151tartam\u00e1ra, <br \/>3) felhaszn\u00e1l\u00f3k\u00f6zpont\u00fa biztons\u00e1gi s\u00fctik, amelyeket a hiteles\u00edt\u00e9si vissza\u00e9l\u00e9sek felder\u00edt\u00e9s\u00e9re haszn\u00e1lnak, korl\u00e1tozott fennmarad\u00e1si id\u0151tartamra. <br \/>4) multim\u00e9diatartalom-lej\u00e1tsz\u00f3 munkamenet-s\u00fctik, \u00edgy p\u00e9ld\u00e1ul flash-lej\u00e1tsz\u00f3 s\u00fctik, a munkamenet id\u0151tartam\u00e1ra, <br \/>5) terhel\u00e9skiegyenl\u00edt\u0151 munkamenet-s\u00fctik, a munkamenet id\u0151tartam\u00e1ra, <br \/>6) a felhaszn\u00e1l\u00f3i fel\u00fclet testreszab\u00e1s\u00e1t seg\u00edt\u0151 s\u00fctik a munkamenet id\u0151tartam\u00e1ra (vagy kiss\u00e9 hosszabb id\u0151re), valamint <br \/>7) a k\u00fcls\u0151 k\u00f6z\u00f6ss\u00e9gi tartalommegoszt\u00f3 s\u00fctik, a k\u00f6z\u00f6ss\u00e9gi h\u00e1l\u00f3zatok bejelentkezett tagjai sz\u00e1m\u00e1ra. <br \/><strong>Az \u00e1ltalunk haszn\u00e1lt s\u00fctik t\u00edpusai:<\/strong> <br \/>\u2022 munkamenet s\u00fctik, amelyek a honlapunk b\u00f6ng\u00e9sz\u00e9s\u00e9hez, valamint a funkci\u00f3k haszn\u00e1lat\u00e1hoz sz\u00fcks\u00e9gesek, p\u00e9ld\u00e1ul lehet\u0151v\u00e9 teszik az \u00d6n \u00e1ltal adott oldalon, funkci\u00f3ban vagy szolg\u00e1ltat\u00e1sban v\u00e9gzett m\u0171veletek megjegyz\u00e9s\u00e9t. A munkamenet s\u00fctik alkalmaz\u00e1sa n\u00e9lk\u00fcl a honlap z\u00f6kken\u0151mentes m\u0171k\u00f6d\u00e9se, illetve haszn\u00e1lata nem garant\u00e1lhat\u00f3. Ezen s\u00fctik \u00e9rv\u00e9nyess\u00e9gi ideje az \u00d6n l\u00e1togat\u00e1s\u00e1nak id\u0151tartam\u00e1ra terjed ki, \u00e9s a munkamenet v\u00e9g\u00e9n vagy a b\u00f6ng\u00e9sz\u0151 bez\u00e1r\u00e1s\u00e1val automatikusan t\u00f6rl\u0151dnek. <br \/>\u2022 a haszn\u00e1latot t\u00e1mogat\u00f3, \u00fagynevezett k\u00e9nyelmi s\u00fctik lehet\u0151v\u00e9 teszik, hogy honlapunk megjegyezze, hogy \u00d6n milyen m\u0171k\u00f6d\u00e9si m\u00f3dot v\u00e1lasztott (p\u00e9ld\u00e1ul elfogadta a s\u00fcti t\u00e1j\u00e9koztat\u00f3t). Ez annak \u00e9rdek\u00e9ben t\u00f6rt\u00e9nik, hogy \u00d6nnek a k\u00f6vetkez\u0151 l\u00e1togat\u00e1sakor ne kelljen \u00fajra \u00e9s \u00fajra elfogadnia a s\u00fcti t\u00e1j\u00e9koztat\u00f3nkat. A preferenci\u00e1kat t\u00e1rol\u00f3 s\u00fctikben l\u00e9v\u0151 inform\u00e1ci\u00f3k n\u00e9lk\u00fcl honlapunk m\u0171k\u00f6dhet, b\u00e1r el\u0151fordulhat, hogy sokkal kev\u00e9sb\u00e9 g\u00f6rd\u00fcl\u00e9kenyen. <br \/>A hozz\u00e1j\u00e1rul\u00e1st ig\u00e9nyl\u0151 s\u00fctikr\u0151l \u2013 amennyiben az adatkezel\u00e9s m\u00e1r az oldal felkeres\u00e9s\u00e9vel megkezd\u0151dik \u2013 a T\u00e1rsas\u00e1gunk az els\u0151 l\u00e1togat\u00e1s megkezd\u00e9sekor t\u00e1j\u00e9koztatja \u00d6nt \u00e9s k\u00e9rj\u00fck az \u00d6n hozz\u00e1j\u00e1rul\u00e1s\u00e1t. Am\u00edg \u00d6n ezt a hozz\u00e1j\u00e1rul\u00e1st nem adta meg, addig nem telep\u00edthet\u00fcnk s\u00fctit az \u00d6n eszk\u00f6z\u00e9re (pl. marketing c\u00e9l\u00fa s\u00fctik stb.) <br \/>T\u00e1rsas\u00e1gunk nem alkalmaz \u00e9s nem is enged\u00e9lyez olyan s\u00fctiket, amelyek seg\u00edts\u00e9g\u00e9vel harmadik szem\u00e9lyek az \u00d6n hozz\u00e1j\u00e1rul\u00e1sa n\u00e9lk\u00fcl adatot gy\u0171jthetnek. <br \/>A s\u00fctik elfogad\u00e1sa nem k\u00f6telez\u0151. Felh\u00edvjuk azonban az \u00d6n figyelm\u00e9t arra, hogy mivel a s\u00fctik c\u00e9lja a weboldal haszn\u00e1lhat\u00f3s\u00e1g\u00e1nak \u00e9s folyamatainak t\u00e1mogat\u00e1sa, valamint megk\u00f6nny\u00edt\u00e9se, a s\u00fctik letilt\u00e1sa eset\u00e9n T\u00e1rsas\u00e1gunk nem tudja garant\u00e1lni, hogy \u00d6n k\u00e9pes lesz a weboldal valamennyi funkci\u00f3j\u00e1nak teljes k\u00f6r\u0171 haszn\u00e1lat\u00e1ra, azaz weboldalunk a tervezett\u0151l elt\u00e9r\u0151en m\u0171k\u00f6dhet a b\u00f6ng\u00e9sz\u0151ben. <br \/>Felh\u00edvjuk az \u00d6n figyelm\u00e9t arra, hogy rekl\u00e1mblokkol\u00f3 (ad-blocker) haszn\u00e1lata eset\u00e9n a s\u00fctinyilatkozatr\u00f3l sz\u00f3l\u00f3 t\u00e1j\u00e9koztat\u00e1sunk nem minden esetben jelenik meg. Amennyiben \u00d6n azt szeretn\u00e9 megtekinteni, k\u00e9rj\u00fck deaktiv\u00e1lja a rekl\u00e1mblokkol\u00f3 alkalmaz\u00e1st! Az \u00e1ltalunk haszn\u00e1lt s\u00fctik list\u00e1j\u00e1t jelen t\u00e1j\u00e9koztat\u00f3 3. sz. mell\u00e9klete tartalmazza.<\/p><h4>3.3. Adatkezel\u00e9s\u00fcnk szerz\u0151d\u00e9s el\u0151k\u00e9sz\u00edt\u00e9se \u00e9s teljes\u00edt\u00e9s\u00e9re hivatkozva<\/h4><p>Az adatkezel\u00e9s\u00fcnk sz\u00fcks\u00e9ges lehet szerz\u0151d\u00e9s teljes\u00edt\u00e9s\u00e9hez, amennyiben ilyen k\u00f6telezetts\u00e9g teljes\u00edt\u00e9s\u00e9hez az \u00e9rintettek szem\u00e9lyes adatait kell kezeln\u00fcnk. Ilyen szerz\u0151d\u00e9s lehet az p\u00e9ld\u00e1ul, amikor valakinek az \u00fcgy\u00e9t megb\u00edz\u00e1s alapj\u00e1n k\u00e9pviselj\u00fck, illetve term\u00e9szetes szem\u00e9ly \u00fczleti partnereinkkel k\u00f6t\u00f6tt szerz\u0151d\u00e9seink.<\/p><h4>3.3.1. Term\u00e9szetes szem\u00e9ly \u00fczleti partnereink adatainak kezel\u00e9se<\/h4><p>Amennyiben \u00d6n term\u00e9szetes szem\u00e9ly \u00fczleti partner\u00fcnk, ebben az esetben az \u00d6n adatait szerz\u0151d\u00e9s el\u0151k\u00e9sz\u00edt\u00e9se, illetve teljes\u00edt\u00e9se \u00e9rdek\u00e9ben kezelj\u00fck. Amennyiben \u00d6n \u00fczleti partner\u00fcnk k\u00e9pvisel\u0151je, szem\u00e9lyes adatait az \u00fczleti partner\u00fcnk jogos \u00e9rdek\u00e9re hivatkozva kezelj\u00fck.<\/p><h4>3.3.2. \u00d6nk\u00e9nteseink adatainak kezel\u00e9se<\/h4><p>Amennyiben \u00d6n \u00f6nk\u00e9ntesk\u00e9nt k\u00edv\u00e1nja t\u00e1mogatni tev\u00e9kenys\u00e9g\u00fcnket, ebben az esetben a T\u00e1rsas\u00e1gunkkal k\u00f6t\u00f6tt szerz\u0151d\u00e9s eset\u00e9ben figyelembe kell venni a k\u00f6z\u00e9rdek\u0171 \u00f6nk\u00e9ntes tev\u00e9kenys\u00e9gr\u0151l sz\u00f3l\u00f3 2005. \u00e9vi LXXXVIII. t\u00f6rv\u00e9ny rendelkez\u00e9seit is, \u00edgy p\u00e9ld\u00e1ul az \u00f6nk\u00e9ntes tev\u00e9kenys\u00e9gr\u0151l sz\u00f3l\u00f3 szerz\u0151d\u00e9snek k\u00f6telez\u0151 tartalma <br \/>a) a k\u00f6z\u00e9rdek\u0171 \u00f6nk\u00e9ntes tev\u00e9kenys\u00e9g tartalma, <br \/>b) a k\u00f6z\u00e9rdek\u0171 \u00f6nk\u00e9ntes tev\u00e9kenys\u00e9g ell\u00e1t\u00e1s\u00e1nak helye, <br \/>c) a k\u00f6z\u00e9rdek\u0171 \u00f6nk\u00e9ntes tev\u00e9kenys\u00e9gre ford\u00edtand\u00f3 id\u0151 \u00e9s a pihen\u0151id\u0151, valamint <br \/>d) azok a juttat\u00e1sokat, amelyeket T\u00e1rsas\u00e1gunk az \u00f6nk\u00e9nteseinek biztos\u00edt (p\u00e9ld\u00e1ul utaz\u00e1si k\u00f6lts\u00e9g stb. megt\u00e9r\u00edt\u00e9se), \u00e9s ezekr\u0151l rendelkezn\u00fcnk kell az \u00f6nk\u00e9ntes szerz\u0151d\u00e9s megsz\u0171n\u00e9s\u00e9nek eset\u00e9re is.<\/p><h4>3.3.3. \u00c1ll\u00e1sp\u00e1ly\u00e1zatra, \u00f6nk\u00e9ntes munk\u00e1ra \u00e9rkezett \u00f6n\u00e9letrajzokkal kapcsolatos adatkezel\u00e9s<\/h4><p>T\u00e1rsas\u00e1gunkhoz nyitott poz\u00edci\u00f3ra \u00e9rkez\u0151 p\u00e1ly\u00e1zatokban (\u00f6n\u00e9letrajz, motiv\u00e1ci\u00f3s lev\u00e9l, portf\u00f3li\u00f3 stb.) szerepl\u0151, illetve a toborz\u00e1s folyam\u00e1n kezel\u00e9s\u00fcnkbe ker\u00fclt szem\u00e9lyes adatokat (interj\u00fan elhangzottak stb.) szerz\u0151d\u00e9s el\u0151k\u00e9sz\u00edt\u00e9se jogalapra hivatkozva kezelj\u00fck mindaddig, ameddig az adott poz\u00edci\u00f3 nem ker\u00fcl bet\u00f6lt\u00e9sre. A poz\u00edci\u00f3 bet\u00f6lt\u00e9se ut\u00e1n a kiv\u00e1laszt\u00e1si folyamat, illetve a d\u00f6nt\u00e9s\u00fcnk megt\u00e1mad\u00e1s\u00e1ra rendelkez\u00e9sre \u00e1ll\u00f3 id\u0151tartam alatt T\u00e1rsas\u00e1gunk azon jogos \u00e9rdek\u00e9re hivatkozva kezelj\u00fck ezen szem\u00e9lyes adatokat, mely szerint T\u00e1rsas\u00e1gunknak jog\u00e1ban \u00e1ll megv\u00e9deni a d\u00f6nt\u00e9s\u00e9t, illetve tudnunk kell bizony\u00edtani azt, hogy a kiv\u00e1laszt\u00e1si elj\u00e1r\u00e1s sor\u00e1n a vonatkoz\u00f3 jogszab\u00e1lyoknak megfelel\u0151en j\u00e1rtunk el. A jogorvoslati hat\u00e1rid\u0151 ut\u00e1n a p\u00e1ly\u00e1zatokat megsemmis\u00edtj\u00fck (t\u00f6r\u00f6lj\u00fck) kiv\u00e9ve akkor, ha a p\u00e1ly\u00e1z\u00f3 hozz\u00e1j\u00e1rul\u00e1s\u00e1t adta a p\u00e1ly\u00e1zat\u00e1nak tov\u00e1bbt\u00e1rol\u00e1s\u00e1hoz.<\/p><h4>3.3.4. Jogseg\u00e9lytev\u00e9kenys\u00e9g<\/h4><p>Nem folytatunk jogseg\u00e9lytev\u00e9kenys\u00e9get, az ilyen megkeres\u00e9seket visszautas\u00edtjuk \u00e9s a birtokunkba ker\u00fclt adatokat halad\u00e9ktalanul t\u00f6r\u00f6lj\u00fck, illetve megsemmis\u00edtj\u00fck.<\/p><h4>3.4. Adatkezel\u00e9s\u00fcnk jogi k\u00f6telezetts\u00e9gre hivatkozva<\/h4><p>Az adatkezel\u00e9seink egy r\u00e9sze olyan t\u00f6rv\u00e9nyi el\u0151\u00edr\u00e1son alapul, amelyek k\u00f6telez\u0151v\u00e9 teszi T\u00e1rsas\u00e1gunk sz\u00e1m\u00e1ra az adatkezel\u00e9st, ilyenek p\u00e9ld\u00e1ul a sz\u00e1mvitelre \u00e9s ad\u00f3z\u00e1sra vonatkoz\u00f3 jogszab\u00e1lyok.<\/p><h4>3.4.1. Adom\u00e1nyoz\u00f3inkkal kapcsolatos adatkezel\u00e9s<\/h4><p>A Civil tv. alapj\u00e1n adom\u00e1ny a civil szervezetnek &#8211; l\u00e9tes\u00edt\u0151 okiratban r\u00f6gz\u00edtett c\u00e9ljaira &#8211; ellenszolg\u00e1ltat\u00e1s n\u00e9lk\u00fcl juttatott eszk\u00f6z, illetve ny\u00fajtott szolg\u00e1ltat\u00e1s. <br \/>Amennyiben \u00d6n anonim m\u00f3don ad adom\u00e1nyt ad sz\u00e1munkra, az \u00d6n szem\u00e9lyes adatait nem kezelj\u00fck. <br \/>Amennyiben \u00d6n nem anonim m\u00f3don ad adom\u00e1nyt sz\u00e1munkra (p\u00e9ld\u00e1ul banki \u00e1tutal\u00e1ssal), ebben az esetben az \u00d6n szem\u00e9lyes adatait a sz\u00e1mviteli, illetve az egy\u00e9b vonatkoz\u00f3 jogszab\u00e1lyokban foglalt jogi k\u00f6telezetts\u00e9g\u00fcnk alapj\u00e1n kezelj\u00fck. <br \/>\u00d6nnek van lehet\u0151s\u00e9ge arra is, hogy rendszeresen t\u00e1mogassa tev\u00e9kenys\u00e9g\u00fcnket. Tart\u00f3s adom\u00e1nyoz\u00e1sr\u00f3l akkor besz\u00e9l\u00fcnk, ha T\u00e1rsas\u00e1gunk \u00e9s \u00d6n, mint adom\u00e1nyoz\u00f3 \u00e1ltal \u00edr\u00e1sban k\u00f6t\u00f6tt szerz\u0151d\u00e9s alapj\u00e1n \u00d6n p\u00e9nzbeli t\u00e1mogat\u00e1st ny\u00fajt sz\u00e1munkra \u00fagy, hogy ebben a szerz\u0151d\u00e9sben \u00d6n arra v\u00e1llal k\u00f6telezetts\u00e9get, hogy az adom\u00e1nyt a szerz\u0151d\u00e9sk\u00f6t\u00e9s (szerz\u0151d\u00e9sm\u00f3dos\u00edt\u00e1s) \u00e9v\u00e9ben \u00e9s az azt k\u00f6vet\u0151 legal\u00e1bb h\u00e1rom \u00e9vben, \u00e9vente legal\u00e1bb egy alkalommal &#8211; azonos vagy n\u00f6vekv\u0151 \u00f6sszegben &#8211; ellenszolg\u00e1ltat\u00e1s n\u00e9lk\u00fcl adja T\u00e1rsas\u00e1gunk sz\u00e1m\u00e1ra. Ebben az esetben az \u00d6n, mint term\u00e9szetes szem\u00e9ly adom\u00e1nyoz\u00f3 adatait szerz\u0151d\u00e9s el\u0151k\u00e9sz\u00edt\u00e9se, illetve teljes\u00edt\u00e9se, valamint jogi k\u00f6telezetts\u00e9g\u00fcnk teljes\u00edt\u00e9se \u00e9rdek\u00e9ben kezelj\u00fck.<\/p><h4>3.4.2. Term\u00e9szetes szem\u00e9ly \u00fczleti partnereinkkel, \u00f6nk\u00e9nteseinkkel kapcsolatos adatkezel\u00e9seink<\/h4><p>Term\u00e9szetes szem\u00e9ly \u00fczleti partnereinkkel k\u00f6t\u00f6tt szerz\u0151d\u00e9sek keret\u00e9ben a szem\u00e9lyes adatokat a szerz\u0151d\u00e9s el\u0151k\u00e9sz\u00edt\u00e9s\u00e9re, illetve teljes\u00edt\u00e9s\u00e9re hivatkozva kezelj\u00fck, \u00e1m jogi k\u00f6telezetts\u00e9geinknek is eleget kell tenn\u00fcnk tev\u00e9kenys\u00e9g\u00fcnk sor\u00e1n, \u00edgy bizonyos adatokat \u2013 p\u00e9ld\u00e1ul a sz\u00e1mviteli \u00e9s ad\u00f3z\u00e1sra vonatkoz\u00f3 jogszab\u00e1lyok alapj\u00e1n \u2013 jogi k\u00f6telezetts\u00e9g teljes\u00edt\u00e9se jogalap alapj\u00e1n kezelj\u00fck.<\/p><h4>3.5. Adatkezel\u00e9s\u00fcnk jogos \u00e9rdekre hivatkozva<\/h4><p>Szem\u00e9lyes adatot kezelhet\u00fcnk abban az esetben is, ha az adatkezel\u00e9s T\u00e1rsas\u00e1gunk \u2013 kiv\u00e9telesen harmadik f\u00e9l \u2013 jogos \u00e9rdek\u00e9nek \u00e9rv\u00e9nyes\u00edt\u00e9s\u00e9hez sz\u00fcks\u00e9ges, kiv\u00e9ve, ha enn\u00e9l az \u00e9rdekekn\u00e9l magasabb rend\u0171ek az \u00e9rintettek szem\u00e9lyes adatai v\u00e9delm\u00e9hez \u00e9s a mag\u00e1n\u00e9let\u00fck tiszteletben tart\u00e1s\u00e1hoz val\u00f3 joguk. A GDPR 6. cikk (1) bekezd\u00e9s f) pontj\u00e1ban meghat\u00e1rozott jogalap egyik f\u0151 jellemz\u0151je az, hogy erre a jogalapra hivatkoz\u00e1s az \u00e9rintettek hozz\u00e1j\u00e1rul\u00e1s\u00e1t\u00f3l f\u00fcggetlen\u00fcl jogszer\u0171v\u00e9 teheti az adatkezel\u00e9s\u00fcnket, felt\u00e9ve, ha jogos \u00e9rdek\u00fcnk ar\u00e1nyosan korl\u00e1tozza az \u00e9rintettek szem\u00e9lyes adatok v\u00e9delm\u00e9hez val\u00f3 jog\u00e1t, mag\u00e1nszf\u00e9r\u00e1j\u00e1t. <br \/>Jogos \u00e9rdekre hivatkozott adatkezel\u00e9seink eset\u00e9ben az \u00e9rintett minden esetben \u00e9lhet a tiltakoz\u00e1s jog\u00e1val. <br \/>Jogos \u00e9rdekre hivatkozott adatkezel\u00e9sek eset\u00e9ben \u00e9rdekm\u00e9rlegel\u00e9si tesztet v\u00e9gz\u00fcnk.<\/p><h4>3.5.1.Honlapunkat l\u00e1togat\u00f3 szem\u00e9lyek adatainak kezel\u00e9se jogos \u00e9rdek\u00fcnkre hivatkozva<\/h4><p>Honlapunk z\u00f6kken\u0151mentes m\u0171k\u00f6d\u00e9se, az esetleges rosszindulat\u00fa, jogszer\u0171tlen felhaszn\u00e1l\u00f3k kisz\u0171r\u00e9se, tev\u00e9kenys\u00e9g\u00fck nyomonk\u00f6vet\u00e9se illetve a megfelel\u0151 int\u00e9zked\u00e9sek (pl. feljelent\u00e9s) megt\u00e9tele \u00e9rdek\u00e9ben a honlapunkon t\u00f6rt\u00e9n\u0151 tev\u00e9kenys\u00e9geket T\u00e1rsas\u00e1gunk jogos \u00e9rdek\u00e9re hivatkozva napl\u00f3zzuk. <br \/>Jogos \u00e9rdekre hivatkozott adatkezel\u00e9seink eset\u00e9ben az \u00e9rintett minden esetben \u00e9lhet a tiltakoz\u00e1s jog\u00e1val.<\/p><h4>3.5.2. \u00dczleti partnereink k\u00e9pvisel\u0151inek adataival kapcsolatos adatkezel\u00e9seink<\/h4><p>\u00dczleti partnereinkkel t\u00f6rt\u00e9n\u0151 kapcsolattart\u00e1s z\u00f6kken\u0151mentess\u00e9ge \u00e9rdek\u00e9ben kezelj\u00fck az \u00fczleti partnereink k\u00e9pvisel\u0151inek adatait (e-mail c\u00edm, telefonsz\u00e1m, egy\u00e9b, az \u00fczleti partner\u00fcnk \u00e1ltal megadott el\u00e9rhet\u0151s\u00e9gi adatok). <br \/>Jogos \u00e9rdekre hivatkozott adatkezel\u00e9seink eset\u00e9ben az \u00e9rintett minden esetben \u00e9lhet a tiltakoz\u00e1s jog\u00e1val.<\/p><h4>3.5.3. Potenci\u00e1lis t\u00e1mogat\u00f3k, t\u00e1mogat\u00f3k, illetve adatkezel\u00e9s\u00fcnk ellen tiltakoz\u00f3k adatb\u00e1zisai<\/h4><p>T\u00e1rsas\u00e1gunk k\u00fcldet\u00e9s\u00e9nek teljes\u00edt\u00e9se \u00e9rdek\u00e9ben k\u00fcl\u00f6nf\u00e9le adatb\u00e1zisokat \u00fczemeltethet, p\u00e9ld\u00e1ul tev\u00e9kenys\u00e9g\u00e9nek potenci\u00e1lis t\u00e1mogat\u00f3inak nyilv\u00e1ntart\u00e1sa \u00e9rdek\u00e9ben. Amennyiben a szem\u00e9lyes adatokat nem mag\u00e1t\u00f3l az \u00e9rintett\u0151l szerezz\u00fck meg, abban az esetben az \u00e9rintettet az adatkezel\u00e9s\u00fcnkr\u0151l t\u00e1j\u00e9koztatnunk kell <br \/>a) a szem\u00e9lyes adatok kezel\u00e9s\u00e9nek konkr\u00e9t k\u00f6r\u00fclm\u00e9nyeit tekintetbe v\u00e9ve, a szem\u00e9lyes adatok megszerz\u00e9s\u00e9t\u0151l sz\u00e1m\u00edtott \u00e9szszer\u0171 hat\u00e1rid\u0151n, de legk\u00e9s\u0151bb egy h\u00f3napon bel\u00fcl; <br \/>b) ha a szem\u00e9lyes adatokat az \u00e9rintettel val\u00f3 kapcsolattart\u00e1s c\u00e9lj\u00e1ra haszn\u00e1ljuk, legal\u00e1bb az \u00e9rintettel val\u00f3 els\u0151 kapcsolatfelv\u00e9tel\u00fcnk alkalm\u00e1val; vagy <br \/>c) ha v\u00e1rhat\u00f3an m\u00e1s c\u00edmzettel is k\u00f6z\u00f6lj\u00fck az adatokat, legk\u00e9s\u0151bb a szem\u00e9lyes adatok els\u0151 alkalommal val\u00f3 k\u00f6zl\u00e9sekor. <br \/>Jogos \u00e9rdekre hivatkozott adatkezel\u00e9seink eset\u00e9ben az \u00e9rintett minden esetben \u00e9lhet a tiltakoz\u00e1s jog\u00e1val.<\/p><h4>3.5.4. T\u00e1rsas\u00e1gunk k\u00fcldet\u00e9s\u00e9nek teljes\u00edt\u00e9s\u00e9vel kapcsolatos adatb\u00e1zisok \u00fczemeltet\u00e9se<\/h4><p>T\u00e1rsas\u00e1gunk m\u0171k\u00f6d\u00e9se sor\u00e1n annak \u00e9rdek\u00e9ben, hogy a k\u00fcldet\u00e9s\u00e9ben foglaltakat teljes\u00edtse, nyilv\u00e1nosan (pl. interneten) el\u00e9rhet\u0151 k\u00f6z\u00e9rdek\u0171, illetve k\u00f6z\u00e9rdekb\u0151l nyilv\u00e1nos adatok felhaszn\u00e1l\u00e1s\u00e1val k\u00fcl\u00f6nf\u00e9le k\u00f6zfeladatot ell\u00e1t\u00f3 szervezeteket kereshet meg. Annak \u00e9rdek\u00e9ben, hogy ezeket a megkeres\u00e9seket v\u00e9gre tudjuk hajtani, a potenci\u00e1lis c\u00edmzettek adatait kezelj\u00fck (pl. \u00f6nkorm\u00e1nyzatok kapcsolati adatai), illetve a megkeres\u00e9sre \u00e9rkezett v\u00e1laszok is tartalmaznak szem\u00e9lyes adatokat. Ezeket a szem\u00e9lyes adatokat csak c\u00e9lhoz k\u00f6t\u00f6tten, az adattakar\u00e9koss\u00e1g \u00e9s korl\u00e1tozott t\u00e1rolhat\u00f3s\u00e1g elv\u00e9nek figyelembev\u00e9tel\u00e9vel kezelhetj\u00fck csak. <br \/>Jogos \u00e9rdekre hivatkozott adatkezel\u00e9seink eset\u00e9ben az \u00e9rintett minden esetben \u00e9lhet a tiltakoz\u00e1s jog\u00e1val.<\/p><h4>3.5.5. T\u00f6megfelv\u00e9telnek min\u0151s\u00fcl\u0151 felv\u00e9telekkel kapcsolatos adatkezel\u00e9sek<\/h4><p>T\u00e1rsas\u00e1gunk rendezv\u00e9nyein, illetve egy\u00e9b esem\u00e9nyeken felv\u00e9teleket k\u00e9sz\u00edthet, illetve ilyen rendezv\u00e9nyeken k\u00e9sz\u00fcl felv\u00e9teleket \u00e1tvehet m\u00e1s adatkezel\u0151kt\u0151l, azonban csak akkor kezelhetj\u00fck ezen felv\u00e9teleken szerepl\u0151 szem\u00e9lyes adatokat jogos \u00e9rdek\u00fcnkre hivatkozva, ha az t\u00f6megfelv\u00e9telnek min\u0151s\u00fcl \u00e9s az nem alkalmas az egyes szem\u00e9lyek azonos\u00edt\u00e1s\u00e1ra. <br \/>Jogos \u00e9rdekre hivatkozott adatkezel\u00e9seink eset\u00e9ben az \u00e9rintett minden esetben \u00e9lhet a tiltakoz\u00e1s jog\u00e1val. Tiltakoz\u00e1s eset\u00e9n \u2013 amennyiben a tiltakoz\u00e1snak helyt adunk \u2013 a tiltakoz\u00e1ssal \u00e9rintett felv\u00e9telt halad\u00e9ktalanul t\u00f6r\u00f6lj\u00fck, illetve megsemmis\u00edtj\u00fck.<\/p><h4>4. Ki ismerheti meg az \u00e9rintettek adatait?<\/h4><p>Az \u00e9rintettek adatait csak az adott adatkezel\u00e9s tekintet\u00e9ben hat\u00e1sk\u00f6rrel \u00e9s illet\u00e9kess\u00e9ggel rendelkez\u0151 munkat\u00e1rsaink ismerhetik meg, illetve az \u00fcgyfeleink megb\u00edz\u00e1sa vagy jogszab\u00e1lyban meghat\u00e1rozott keretek k\u00f6z\u00f6tt tov\u00e1bb\u00edthatjuk p\u00e9ld\u00e1ul az ad\u00f3hivatal, hat\u00f3s\u00e1gok, b\u00edr\u00f3s\u00e1g stb. fel\u00e9. <br \/>Adatfeldolgoz\u00f3ink eset\u00e9ben szerz\u0151d\u00e9ses felt\u00e9telek kik\u00f6t\u00e9s\u00e9vel biztos\u00edtjuk, hogy ne haszn\u00e1lhass\u00e1k az adott adatkezel\u00e9s c\u00e9lj\u00e1val ellent\u00e9tes c\u00e9lokra az \u00e9rintettek szem\u00e9lyes adatait. Az adatkezel\u00e9s\u00e9ben \u00e9s adatfeldolgoz\u00e1s\u00e1ban r\u00e9szt vev\u0151 k\u00f6zrem\u0171k\u00f6d\u0151ink \u00e9s munkat\u00e1rsaink el\u0151re meghat\u00e1rozott m\u00e9rt\u00e9kben \u2013 titoktart\u00e1si k\u00f6telezetts\u00e9g terhe mellett \u2013 jogosultak az \u00e9rintettek szem\u00e9lyes adatait megismerni. Az adatfeldolgoz\u00f3ink list\u00e1j\u00e1t az 1. sz. mell\u00e9klet tartalmazza. <br \/>K\u00f6z\u00f6s adatkezel\u00e9sek eset\u00e9ben a k\u00f6z\u00f6s adatkezel\u00e9sek t\u00e1rgy\u00e1ban a partnereinkkel olyan meg\u00e1llapod\u00e1st k\u00f6t\u00fcnk, amely szab\u00e1lyozza a k\u00f6z\u00f6s adatkezel\u00e9sek r\u00e9szleteit illetve azt, hogy ezen adatkezel\u00e9sek tekintet\u00e9ben a k\u00f6z\u00f6s adatkezel\u0151knek milyen feladataik vannak az \u00e9rintettekkel kapcsolatban. <br \/>K\u00fclf\u00f6ldre (harmadik orsz\u00e1gba) a GDPR (V. fejezet) vonatkoz\u00f3 rendelkez\u00e9sei alapj\u00e1n tov\u00e1bb\u00edthatunk csak adatot a megfelel\u0151 garanci\u00e1k biztos\u00edt\u00e1s\u00e1val. Amennyiben ilyen adattov\u00e1bb\u00edt\u00e1s t\u00f6rt\u00e9nik, arr\u00f3l partnereinket el\u0151zetesen t\u00e1j\u00e9koztatjuk. <br \/>A b\u00edr\u00f3s\u00e1g, az \u00fcgy\u00e9szs\u00e9g \u00e9s m\u00e1s hat\u00f3s\u00e1gok (pl. illet\u00e9kes miniszt\u00e9rium, rend\u0151rs\u00e9g, ad\u00f3hivatal, Nemzeti Adatv\u00e9delmi \u00e9s Inform\u00e1ci\u00f3szabads\u00e1g Hat\u00f3s\u00e1g) t\u00e1j\u00e9koztat\u00e1s ad\u00e1sa, adatok k\u00f6zl\u00e9se vagy iratok rendelkez\u00e9sre bocs\u00e1t\u00e1sa miatt megkereshet minket. Ezekben az esetekben adatszolg\u00e1ltat\u00e1si k\u00f6telezetts\u00e9g\u00fcnket teljes\u00edten\u00fcnk kell, de csak a megkeres\u00e9s c\u00e9lj\u00e1nak megval\u00f3s\u00edt\u00e1s\u00e1hoz elengedhetetlen\u00fcl sz\u00fcks\u00e9ges m\u00e9rt\u00e9kben.<\/p><h4>5. Hogyan v\u00e9dj\u00fck az adatokat?<\/h4><p>Az \u00e9rintettek szem\u00e9lyes adatait megfelel\u0151 technikai \u00e9s egy\u00e9b int\u00e9zked\u00e9sekkel v\u00e9dj\u00fck, valamint biztos\u00edtjuk az adatok biztons\u00e1g\u00e1t, rendelkez\u00e9sre \u00e1ll\u00e1s\u00e1t, tov\u00e1bb\u00e1 \u00f3vjuk azokat a jogosulatlan hozz\u00e1f\u00e9r\u00e9st\u0151l, megv\u00e1ltoztat\u00e1st\u00f3l, s\u00e9r\u00fcl\u00e9sekt\u0151l illetve nyilv\u00e1noss\u00e1gra hozatalt\u00f3l \u00e9s b\u00e1rmilyen egy\u00e9b jogosulatlan felhaszn\u00e1l\u00e1st\u00f3l. <br \/>Szervezeti int\u00e9zked\u00e9sek keret\u00e9ben ellen\u0151rizz\u00fck a fizikai hozz\u00e1f\u00e9r\u00e9st, a pap\u00edr alap\u00fa dokumentumokat megfelel\u0151 v\u00e9delemmel elz\u00e1rva tartjuk. A technikai int\u00e9zked\u00e9sek keret\u00e9ben titkos\u00edt\u00e1st, jelsz\u00f3v\u00e9delmet, v\u00edrusirt\u00f3 szoftvereket \u00e9s egy\u00e9b eszk\u00f6z\u00f6ket haszn\u00e1lunk. <br \/>Az elektronikusan t\u00e1rolt szem\u00e9lyes adatokhoz val\u00f3 hozz\u00e1f\u00e9r\u00e9st napl\u00f3zzuk, ez\u00e9rt mindig ellen\u0151rizhet\u0151 hogy ki, mikor \u00e9s milyen szem\u00e9lyes adatokhoz f\u00e9rt hozz\u00e1, illetve megfelel\u0151 szervez\u00e9si int\u00e9zked\u00e9sekkel (pl. feladat- \u00e9s hat\u00e1sk\u00f6r\u00f6k szigor\u00fa elhat\u00e1rol\u00e1sa, jogosults\u00e1g menedzsment stb.) gondoskodunk arr\u00f3l, hogy a szem\u00e9lyes adatok ne v\u00e1lhassanak hozz\u00e1f\u00e9rhet\u0151v\u00e9 meghat\u00e1rozatlan sz\u00e1m\u00fa szem\u00e9ly sz\u00e1m\u00e1ra.<\/p><h4>6. Melyek az \u00e9rintettek jogai \u00e9s jogorvoslati lehet\u0151s\u00e9gei?<\/h4><p><strong>Az \u00e9rintettek<\/strong> <br \/>\u2022 az adatkezel\u00e9sr\u0151l t\u00e1j\u00e9koztat\u00e1st k\u00e9rhetnek, <br \/>\u2022 k\u00e9rhetik az \u00e1ltalunk kezelt szem\u00e9lyes adataik helyesb\u00edt\u00e9s\u00e9t, m\u00f3dos\u00edt\u00e1s\u00e1t, kieg\u00e9sz\u00edt\u00e9s\u00e9t, <br \/>\u2022 tiltakozhatnak az adatkezel\u00e9s ellen \u00e9s k\u00e9rhetik adatai t\u00f6rl\u00e9s\u00e9t, valamint korl\u00e1toz\u00e1s\u00e1t (amennyiben erre jogszab\u00e1ly lehet\u0151s\u00e9get ad), <br \/>\u2022 \u00e9lhetnek az adathordozhat\u00f3s\u00e1g jog\u00e1val (amennyiben erre jogszab\u00e1ly lehet\u0151s\u00e9get ad), <br \/>\u2022 b\u00edr\u00f3s\u00e1g el\u0151tt jogorvoslattal \u00e9lhetnek, <br \/>\u2022 a fel\u00fcgyel\u0151 hat\u00f3s\u00e1gn\u00e1l panaszt tehetnek, illetve elj\u00e1r\u00e1st kezdem\u00e9nyezhetnek (<a href=\"https:\/\/naih.hu\/panaszuegyintezes-rendje.html\">https:\/\/naih.hu\/panaszuegyintezes-rendje.html<\/a>).<br \/>A panasz beny\u00fajthat\u00f3 a \u00e9rintett szok\u00e1sos tart\u00f3zkod\u00e1si helye, a munkahelye vagy a felt\u00e9telezett jogs\u00e9rt\u00e9s helye szerinti tag\u00e1llamban is. <br \/><strong>Fel\u00fcgyel\u0151 Hat\u00f3s\u00e1g:<\/strong> <br \/>Nemzeti Adatv\u00e9delmi \u00e9s Inform\u00e1ci\u00f3szabads\u00e1g Hat\u00f3s\u00e1g <br \/>\u2022 Sz\u00e9khely: 1055 Budapest, Falk Miksa utca 9-11<br \/>Levelez\u00e9si c\u00edm: 1363 Budapest, Pf.: 9. <br \/>\u2022 Telefon: +36 (1) 391-1400, +36 (30) 683-5969, +36 (30) 549-6838 <br \/>\u2022 Fax: +36 (1) 391-1410 <br \/>\u2022 E-mail:ugyfelszolgalat@naih.hu <br \/>Honlap: https:\/\/naih.hu\/ <br \/>\u2022 Hivatali kapu \u2013 R\u00f6vid n\u00e9v: NAIH, KR ID: 429616918<\/p><h4>6.1. Helyesb\u00edt\u00e9shez val\u00f3 jog<\/h4><p>\u00d6n jogosult arra, hogy k\u00e9r\u00e9s\u00e9re indokolatlan k\u00e9sedelem n\u00e9lk\u00fcl helyesb\u00edts\u00fck az \u00d6nre vonatkoz\u00f3 pontatlan szem\u00e9lyes adatokat. Figyelembe v\u00e9ve az adatkezel\u00e9s c\u00e9lj\u00e1t, \u00d6n jogosult arra, hogy k\u00e9rje a hi\u00e1nyos szem\u00e9lyes adatainak \u2013 egyebek mellett kieg\u00e9sz\u00edt\u0151 nyilatkozat \u00fatj\u00e1n t\u00f6rt\u00e9n\u0151 \u2013 kieg\u00e9sz\u00edt\u00e9s\u00e9t. <br \/>Bizonyos adatkezel\u00e9sek eset\u00e9n a helyesb\u00edt\u00e9si jog \u00e9rv\u00e9nyes\u00edt\u00e9se fogalmilag kiz\u00e1rt (pl. felv\u00e9telekkel kapcsolatos adatkezel\u00e9sek eset\u00e9n).<\/p><h4>6.2. T\u00f6rl\u00e9shez val\u00f3 jog (\u201eaz elfeledtet\u00e9shez val\u00f3 jog\u201d)<\/h4><p>\u00d6n jogosult arra, hogy k\u00e9r\u00e9s\u00e9re indokolatlan k\u00e9sedelem n\u00e9lk\u00fcl t\u00f6r\u00f6lj\u00fck az \u00d6nre vonatkoz\u00f3 szem\u00e9lyes adatokat, illetve k\u00f6telesek vagyunk arra, hogy az \u00d6nre vonatkoz\u00f3 szem\u00e9lyes adatokat indokolatlan k\u00e9sedelem n\u00e9lk\u00fcl t\u00f6r\u00f6lj\u00fck, ha az al\u00e1bbi indokok valamelyike fenn\u00e1ll: <br \/>\u2022 az \u00d6n szem\u00e9lyes adataira m\u00e1r nincs sz\u00fcks\u00e9g abb\u00f3l a c\u00e9lb\u00f3l, amelyb\u0151l azokat gy\u0171jt\u00f6tt\u00fck vagy m\u00e1s m\u00f3don kezelt\u00fck, <br \/>\u2022 \u00d6n visszavonja az adatkezel\u00e9s\u00fcnk alapj\u00e1t k\u00e9pez\u0151 hozz\u00e1j\u00e1rul\u00e1s\u00e1t \u00e9s az adatkezel\u00e9s\u00fcnknek nincs m\u00e1s jogalapja [GDPR 6. cikk (1) bekezd\u00e9s\u00e9nek a) pont, vagy k\u00fcl\u00f6nleges adatok eset\u00e9ben a 9. cikk (2) bekezd\u00e9s\u00e9nek a) pont \u00e9rtelm\u00e9ben], <br \/>\u2022 \u00d6n tiltakozik az adatkezel\u00e9s ellen \u00e9s nincs els\u0151bbs\u00e9get \u00e9lvez\u0151 jogszer\u0171 okunk az adatkezel\u00e9sre, <br \/>\u2022 az \u00d6n szem\u00e9lyes adatait jogellenesen kezelt\u00fck, <br \/>\u2022 az \u00d6n szem\u00e9lyes adatait az \u00e1ltalunk alkalmazand\u00f3 uni\u00f3s vagy tag\u00e1llami jogban el\u0151\u00edrt jogi k\u00f6telezetts\u00e9g teljes\u00edt\u00e9s\u00e9hez t\u00f6r\u00f6lni kell, <br \/>\u2022 a szem\u00e9lyes adatok gy\u0171jt\u00e9s\u00e9re a GDPR 8. cikk (1) bekezd\u00e9s\u00e9ben eml\u00edtett, inform\u00e1ci\u00f3s t\u00e1rsadalommal \u00f6sszef\u00fcgg\u0151 szolg\u00e1ltat\u00e1sok k\u00edn\u00e1l\u00e1s\u00e1val kapcsolatosan ker\u00fclt sor. <br \/>Amennyiben nyilv\u00e1noss\u00e1gra hoztuk az \u00d6n szem\u00e9lyes adat\u00e1t \u00e9s azt a fentiek alapj\u00e1n t\u00f6r\u00f6lni vagyunk k\u00f6telesek, az el\u00e9rhet\u0151 technol\u00f3gia \u00e9s a megval\u00f3s\u00edt\u00e1s k\u00f6lts\u00e9geinek figyelembev\u00e9tel\u00e9vel megtessz\u00fck az \u00e9sszer\u0171en elv\u00e1rhat\u00f3 l\u00e9p\u00e9seket \u2013 ide\u00e9rtve technikai int\u00e9zked\u00e9seket \u2013 annak \u00e9rdek\u00e9ben, hogy t\u00e1j\u00e9koztassuk az adatokat kezel\u0151 adatkezel\u0151ket, hogy \u00d6n k\u00e9relmezte a sz\u00f3ban forg\u00f3 szem\u00e9lyes adatokra mutat\u00f3 linkek vagy e szem\u00e9lyes adatok m\u00e1solat\u00e1nak illetve m\u00e1sodp\u00e9ld\u00e1ny\u00e1nak t\u00f6rl\u00e9s\u00e9t. <br \/>Nem kell t\u00f6r\u00f6ln\u00fcnk az adatot amennyiben az adatkezel\u00e9s sz\u00fcks\u00e9ges <br \/>\u2022 a v\u00e9lem\u00e9nynyilv\u00e1n\u00edt\u00e1s szabads\u00e1g\u00e1hoz \u00e9s a t\u00e1j\u00e9koz\u00f3d\u00e1shoz val\u00f3 jog gyakorl\u00e1sa c\u00e9lj\u00e1b\u00f3l, <br \/>\u2022 a szem\u00e9lyes adatok kezel\u00e9s\u00e9t el\u0151\u00edr\u00f3, az \u00e1ltalunk alkalmazand\u00f3 uni\u00f3s vagy tag\u00e1llami jog szerinti k\u00f6telezetts\u00e9g teljes\u00edt\u00e9se, illetve k\u00f6z\u00e9rdekb\u0151l vagy az adatkezel\u0151re ruh\u00e1zott k\u00f6zhatalmi jogos\u00edtv\u00e1ny gyakorl\u00e1sa keret\u00e9ben v\u00e9gzett feladat v\u00e9grehajt\u00e1sa c\u00e9lj\u00e1b\u00f3l, <br \/>\u2022 k\u00f6z\u00e9rdek\u0171 archiv\u00e1l\u00e1s c\u00e9lj\u00e1b\u00f3l, tudom\u00e1nyos \u00e9s t\u00f6rt\u00e9nelmi kutat\u00e1si c\u00e9lb\u00f3l vagy statisztikai c\u00e9lb\u00f3l, amennyiben a t\u00f6rl\u00e9shez val\u00f3 jog val\u00f3sz\u00edn\u0171s\u00edthet\u0151en lehetetlenn\u00e9 tenn\u00e9 vagy komolyan vesz\u00e9lyeztetn\u00e9 ezt az adatkezel\u00e9st, <br \/>\u2022 jogi ig\u00e9nyek el\u0151terjeszt\u00e9s\u00e9hez, \u00e9rv\u00e9nyes\u00edt\u00e9s\u00e9hez, illetve v\u00e9delm\u00e9hez.<\/p><h4>6.3. Az adatkezel\u00e9s korl\u00e1toz\u00e1s\u00e1hoz val\u00f3 jog<\/h4><p>\u00d6n jogosult arra, hogy k\u00e9r\u00e9s\u00e9re korl\u00e1tozzuk az adatkezel\u00e9st amennyiben az al\u00e1bbiak valamelyike teljes\u00fcl: <br \/>\u2022 \u00d6n vitatja a szem\u00e9lyes adatok pontoss\u00e1g\u00e1t, ez esetben a korl\u00e1toz\u00e1s arra az id\u0151tartamra vonatkozik, amely lehet\u0151v\u00e9 teszi, hogy ellen\u0151rizz\u00fck a szem\u00e9lyes adatok pontoss\u00e1g\u00e1t, <br \/>\u2022 az adatkezel\u00e9s jogellenes, \u00e9s \u00d6n ellenzi az adatok t\u00f6rl\u00e9s\u00e9t \u00e9s ehelyett k\u00e9rik azok felhaszn\u00e1l\u00e1s\u00e1nak korl\u00e1toz\u00e1s\u00e1t, <br \/>\u2022 m\u00e1r nincs sz\u00fcks\u00e9g\u00fcnk a szem\u00e9lyes adatokra adatkezel\u00e9s c\u00e9lj\u00e1b\u00f3l, de \u00d6n ig\u00e9nyli azokat jogi ig\u00e9nyek el\u0151terjeszt\u00e9s\u00e9hez, \u00e9rv\u00e9nyes\u00edt\u00e9s\u00e9hez vagy v\u00e9delm\u00e9hez, vagy <br \/>\u2022 \u00d6n tiltakozott az adatkezel\u00e9s ellen, ez esetben a korl\u00e1toz\u00e1s arra az id\u0151tartamra vonatkozik, am\u00edg meg\u00e1llap\u00edt\u00e1sra nem ker\u00fcl, hogy jogos indokaink els\u0151bbs\u00e9get \u00e9lvezneke az \u00e9rintettek jogos indokaival szemben. <br \/>Ha az adatkezel\u00e9s korl\u00e1toz\u00e1s al\u00e1 esik, az ilyen szem\u00e9lyes adatokat a t\u00e1rol\u00e1s kiv\u00e9tel\u00e9vel csak az \u00d6n hozz\u00e1j\u00e1rul\u00e1s\u00e1val vagy jogi ig\u00e9nyek el\u0151terjeszt\u00e9s\u00e9hez, \u00e9rv\u00e9nyes\u00edt\u00e9s\u00e9hez vagy v\u00e9delm\u00e9hez, vagy m\u00e1s term\u00e9szetes vagy jogi szem\u00e9ly jogainak v\u00e9delme \u00e9rdek\u00e9ben, vagy az Uni\u00f3, illetve valamely tag\u00e1llam fontos k\u00f6z\u00e9rdek\u00e9b\u0151l kezelhet\u00fcnk. <br \/>Amennyiben az \u00d6n k\u00e9r\u00e9s\u00e9re korl\u00e1toztuk az adatkezel\u00e9st, az adatkezel\u00e9s korl\u00e1toz\u00e1s\u00e1nak felold\u00e1s\u00e1r\u00f3l \u00d6nt el\u0151zetesen t\u00e1j\u00e9koztatjuk. <br \/>Minden olyan c\u00edmzettet t\u00e1j\u00e9koztatunk valamennyi helyesb\u00edt\u00e9sr\u0151l, t\u00f6rl\u00e9sr\u0151l vagy adatkezel\u00e9s-korl\u00e1toz\u00e1sr\u00f3l, akivel, illetve amellyel a szem\u00e9lyes adatot k\u00f6z\u00f6lt\u00fck, kiv\u00e9ve, ha ez lehetetlennek bizonyul, vagy ar\u00e1nytalanul nagy er\u0151fesz\u00edt\u00e9st ig\u00e9nyel. Az \u00d6n k\u00e9r\u00e9s\u00e9re \u00d6nt t\u00e1j\u00e9koztatjuk ezen c\u00edmzettekr\u0151l.<\/p><h4>6.4. Az adathordozhat\u00f3s\u00e1ghoz val\u00f3 jog<\/h4><p>\u00d6n jogosult arra, hogy az \u00d6nre vonatkoz\u00f3, az \u00d6n \u00e1ltal sz\u00e1munkra rendelkez\u00e9s\u00e9re bocs\u00e1tott szem\u00e9lyes adatokat tagolt, sz\u00e9les k\u00f6rben haszn\u00e1lt, g\u00e9ppel olvashat\u00f3 form\u00e1tumban megkapja, tov\u00e1bb\u00e1 jogosult arra, hogy ezeket az adatokat egy m\u00e1sik adatkezel\u0151nek tov\u00e1bb\u00edtsa an\u00e9lk\u00fcl, hogy ezt akad\u00e1lyozn\u00e1nk, ha <br \/>\u2022 az adatkezel\u00e9s a 6. cikk (1) bekezd\u00e9s\u00e9nek a) pontja vagy a 9. cikk (2) bekezd\u00e9s\u00e9nek a) pontja szerinti hozz\u00e1j\u00e1rul\u00e1son, vagy a 6. cikk (1) bekezd\u00e9s\u00e9nek b) pontja szerinti szerz\u0151d\u00e9sen alapul \u00e9s <br \/>\u2022 az adatkezel\u00e9s automatiz\u00e1lt m\u00f3don t\u00f6rt\u00e9nik. <br \/>Az adatok hordozhat\u00f3s\u00e1g\u00e1hoz val\u00f3 jog gyakorl\u00e1sa sor\u00e1n \u00d6n jogosult arra, hogy \u2013 ha ez technikailag megval\u00f3s\u00edthat\u00f3 \u2013 k\u00e9rje a szem\u00e9lyes adatok adatkezel\u0151k k\u00f6z\u00f6tti k\u00f6zvetlen tov\u00e1bb\u00edt\u00e1s\u00e1t. Az adathordozhat\u00f3s\u00e1ghoz val\u00f3 jog nem \u00e9rintheti h\u00e1tr\u00e1nyosan m\u00e1sok jogait \u00e9s szabads\u00e1gait.<\/p><h4>6.5. A tiltakoz\u00e1shoz val\u00f3 jog<\/h4><p>\u00d6n jogosult arra, hogy a saj\u00e1t helyzet\u00e9vel kapcsolatos okokb\u00f3l b\u00e1rmikor tiltakozzon a szem\u00e9lyes adatai a 6. cikk (1) bekezd\u00e9s\u00e9nek e) vagy f) pontj\u00e1n alapul\u00f3 kezel\u00e9se ellen, ide\u00e9rtve az eml\u00edtett rendelkez\u00e9seken alapul\u00f3 profilalkot\u00e1st is. Ebben az esetben a szem\u00e9lyes adatokat nem kezelhetj\u00fck tov\u00e1bb kiv\u00e9ve, ha bizony\u00edtjuk, hogy az adatkezel\u00e9st olyan k\u00e9nyszer\u00edt\u0151 erej\u0171 jogos okok indokolj\u00e1k, amelyek els\u0151bbs\u00e9get \u00e9lveznek az \u00d6n \u00e9rdekeivel, jogaival \u00e9s szabads\u00e1gaival szemben, vagy amelyek jogi ig\u00e9nyek el\u0151terjeszt\u00e9s\u00e9hez, \u00e9rv\u00e9nyes\u00edt\u00e9s\u00e9hez vagy v\u00e9delm\u00e9hez kapcsol\u00f3dnak. <br \/>Ha a szem\u00e9lyes adatok kezel\u00e9s\u00e9re tudom\u00e1nyos \u00e9s t\u00f6rt\u00e9nelmi kutat\u00e1si c\u00e9lb\u00f3l vagy statisztikai c\u00e9lb\u00f3l ker\u00fcl sor, abban az esetben \u00d6n jogosult arra, hogy a saj\u00e1t helyzet\u00e9vel kapcsolatos okokb\u00f3l tiltakozhasson az \u00d6nre vonatkoz\u00f3 szem\u00e9lyes adatok kezel\u00e9se ellen, kiv\u00e9ve, ha az adatkezel\u00e9sre k\u00f6z\u00e9rdek\u0171 okb\u00f3l v\u00e9gzett feladat v\u00e9grehajt\u00e1sa \u00e9rdek\u00e9ben van sz\u00fcks\u00e9g.<\/p><h4>6.6. Az \u00e9rintetti jogok \u00e9rv\u00e9nyes\u00edt\u00e9se<\/h4><p>Az \u00d6n k\u00e9relm\u00e9re t\u00e1j\u00e9koztat\u00e1st adunk az \u00d6nr\u0151l \u00e1ltalunk kezelt, illetve az \u00e1ltalunk \u2013 vagy a megb\u00edzott adatfeldolgoz\u00f3nk \u00e1ltal \u2013 feldolgozott <br \/>\u2022 adatair\u00f3l, <br \/>\u2022 azok forr\u00e1s\u00e1r\u00f3l, <br \/>\u2022 az adatkezel\u00e9s c\u00e9lj\u00e1r\u00f3l \u00e9s jogalapj\u00e1r\u00f3l, <br \/>\u2022 id\u0151tartam\u00e1r\u00f3l, ha pedig ez nem lehets\u00e9ges, ezen id\u0151tartam meghat\u00e1roz\u00e1s\u00e1nak szempontjair\u00f3l, <br \/>\u2022 az adatfeldolgoz\u00f3ink nev\u00e9r\u0151l, c\u00edm\u00e9r\u0151l \u00e9s az adatkezel\u00e9ssel \u00f6sszef\u00fcgg\u0151 tev\u00e9kenys\u00e9g\u00fckr\u0151l, <br \/>\u2022 adatv\u00e9delmi incidensek k\u00f6r\u00fclm\u00e9nyeir\u0151l, hat\u00e1sair\u00f3l \u00e9s az elh\u00e1r\u00edt\u00e1sukra, valamint megel\u0151z\u00e9s\u00fckre tett int\u00e9zked\u00e9seinkr\u0151l, tov\u00e1bb\u00e1 <br \/>\u2022 az \u00d6n szem\u00e9lyes adatainak tov\u00e1bb\u00edt\u00e1sa eset\u00e9n az adattov\u00e1bb\u00edt\u00e1s jogalapj\u00e1r\u00f3l \u00e9s c\u00edmzettj\u00e9r\u0151l. <br \/>A k\u00e9relem beny\u00fajt\u00e1s\u00e1t\u00f3l sz\u00e1m\u00edtott legr\u00f6videbb id\u0151 alatt, legfeljebb azonban egy h\u00f3napon bel\u00fcl adjuk meg t\u00e1j\u00e9koztat\u00e1sunkat. Sz\u00fcks\u00e9g eset\u00e9n, figyelembe v\u00e9ve a k\u00e9relem \u00f6sszetetts\u00e9g\u00e9t \u00e9s a k\u00e9relmek sz\u00e1m\u00e1t, ez a hat\u00e1rid\u0151 tov\u00e1bbi k\u00e9t h\u00f3nappal meghosszabb\u00edthat\u00f3. A hat\u00e1rid\u0151 meghosszabb\u00edt\u00e1s\u00e1r\u00f3l a k\u00e9sedelem okainak megjel\u00f6l\u00e9s\u00e9vel a k\u00e9relem k\u00e9zhezv\u00e9tel\u00e9t\u0151l sz\u00e1m\u00edtott egy h\u00f3napon bel\u00fcl t\u00e1j\u00e9koztatjuk \u00d6nt. Ha \u00d6n elektronikus \u00faton ny\u00fajtotta be a k\u00e9relmet, a t\u00e1j\u00e9koztat\u00e1st lehet\u0151s\u00e9g szerint elektronikus \u00faton kell megadnunk, kiv\u00e9ve, ha \u00d6n ezt m\u00e1sk\u00e9nt k\u00e9ri. <br \/>A t\u00e1j\u00e9koztat\u00e1s ingyenes kiv\u00e9ve akkor, ha \u00d6n a foly\u00f3 \u00e9vben azonos adatk\u00f6rre vonatkoz\u00f3an t\u00e1j\u00e9koztat\u00e1si k\u00e9relmet m\u00e1r ny\u00fajtott be hozz\u00e1nk. Ha az \u00d6n k\u00e9relme egy\u00e9rtelm\u0171en megalapozatlan vagy \u2013 k\u00fcl\u00f6n\u00f6sen ism\u00e9tl\u0151d\u0151 jellege miatt \u2013 t\u00falz\u00f3, abban az esetben a k\u00e9rt inform\u00e1ci\u00f3 vagy t\u00e1j\u00e9koztat\u00e1s ny\u00fajt\u00e1s\u00e1val vagy a k\u00e9rt int\u00e9zked\u00e9s meghozatal\u00e1val j\u00e1r\u00f3 adminisztrat\u00edv k\u00f6lts\u00e9gek figyelembev\u00e9tel\u00e9vel \u00e9szszer\u0171 \u00f6sszeg\u0171 d\u00edjat sz\u00e1m\u00edthatunk fel vagy megtagadhatjuk a k\u00e9relem alapj\u00e1n t\u00f6rt\u00e9n\u0151 int\u00e9zked\u00e9st. <br \/>Az \u00d6n \u00e1ltal m\u00e1r megfizetett k\u00f6lts\u00e9gt\u00e9r\u00edt\u00e9st visszat\u00e9r\u00edtj\u00fck abban az esetben, ha az adatokat jogellenesen kezelt\u00fck vagy a t\u00e1j\u00e9koztat\u00e1s k\u00e9r\u00e9se helyesb\u00edt\u00e9shez vezetett. <br \/>A t\u00e1j\u00e9koztat\u00e1st csak t\u00f6rv\u00e9nyben foglalt esetekben tagadhatjuk meg jogszab\u00e1lyi hely megjel\u00f6l\u00e9s\u00e9vel, valamint a b\u00edr\u00f3s\u00e1gi jogorvoslat, illetve a Hat\u00f3s\u00e1ghoz fordul\u00e1s lehet\u0151s\u00e9g\u00e9r\u0151l t\u00e1j\u00e9koztat\u00e1ssal. <br \/>Amennyiben az \u00d6n helyesb\u00edt\u00e9s, korl\u00e1toz\u00e1s vagy t\u00f6rl\u00e9s ir\u00e1nti k\u00e9relm\u00e9t nem teljes\u00edtj\u00fck, a k\u00e9relem k\u00e9zhezv\u00e9tel\u00e9t k\u00f6vet\u0151 legr\u00f6videbb id\u0151n bel\u00fcl (legfeljebb azonban egy h\u00f3napon bel\u00fcl) \u00edr\u00e1sban vagy \u2013 az \u00d6n hozz\u00e1j\u00e1rul\u00e1s\u00e1val \u2013 elektronikus \u00faton k\u00f6z\u00f6lj\u00fcnk elutas\u00edt\u00e1sunk indokait \u00e9s t\u00e1j\u00e9koztatjuk \u00d6nt a b\u00edr\u00f3s\u00e1gi jogorvoslat, tov\u00e1bb\u00e1 a Hat\u00f3s\u00e1ghoz fordul\u00e1s lehet\u0151s\u00e9g\u00e9r\u0151l. \u00d6n a szok\u00e1sos tart\u00f3zkod\u00e1si helye, a munkahelye vagy a felt\u00e9telezett jogs\u00e9rt\u00e9s helye szerinti tag\u00e1llamban fordulhat panasszal a Hat\u00f3s\u00e1ghoz. <br \/>Amennyiben \u00d6n tiltakozik a szem\u00e9lyes adatai kezel\u00e9se ellen, a tiltakoz\u00e1st a k\u00e9relem beny\u00fajt\u00e1s\u00e1t\u00f3l sz\u00e1m\u00edtott legr\u00f6videbb id\u0151n bel\u00fcl (legfeljebb azonban egy h\u00f3napon bel\u00fcl) megvizsg\u00e1ljuk \u00e9s a d\u00f6nt\u00e9s\u00fcnkr\u0151l \u00edr\u00e1sban t\u00e1j\u00e9koztatjuk. Amennyiben \u00fagy d\u00f6nt\u00f6tt\u00fcnk, hogy az \u00d6n tiltakoz\u00e1sa megalapozott, abban az esetben az adatkezel\u00e9st &#8211; bele\u00e9rtve a tov\u00e1bbi adatfelv\u00e9telt \u00e9s adattov\u00e1bb\u00edt\u00e1st is &#8211; megsz\u00fcntetj\u00fck, valamint a tiltakoz\u00e1sr\u00f3l, tov\u00e1bb\u00e1 az annak alapj\u00e1n tett int\u00e9zked\u00e9sekr\u0151l \u00e9rtes\u00edtj\u00fck mindazokat, akik r\u00e9sz\u00e9re a tiltakoz\u00e1ssal \u00e9rintett szem\u00e9lyes adatot kor\u00e1bban tov\u00e1bb\u00edtottuk, \u00e9s akik k\u00f6telesek int\u00e9zkedni a tiltakoz\u00e1si jog \u00e9rv\u00e9nyes\u00edt\u00e9se \u00e9rdek\u00e9ben. <br \/>Megtagadjuk a k\u00e9r\u00e9s teljes\u00edt\u00e9s\u00e9t ha bizony\u00edtjuk, hogy az adatkezel\u00e9st olyan k\u00e9nyszer\u00edt\u0151 erej\u0171 jogos okok indokolj\u00e1k, amelyek els\u0151bbs\u00e9get \u00e9lveznek az \u00d6n \u00e9rdekeivel, jogaival \u00e9s szabads\u00e1gaival szemben, vagy amelyek jogi ig\u00e9nyek el\u0151terjeszt\u00e9s\u00e9hez, \u00e9rv\u00e9nyes\u00edt\u00e9s\u00e9hez vagy v\u00e9delm\u00e9hez kapcsol\u00f3dnak. Amennyiben \u00d6n a d\u00f6nt\u00e9s\u00fcnkkel nem \u00e9rt egyet, illetve ha elmulasztjuk a hat\u00e1rid\u0151t, \u00d6n a d\u00f6nt\u00e9s k\u00f6zl\u00e9s\u00e9t\u0151l, illetve a hat\u00e1rid\u0151 utols\u00f3 napj\u00e1t\u00f3l sz\u00e1m\u00edtott 30 napon bel\u00fcl b\u00edr\u00f3s\u00e1ghoz fordulhat. <br \/>K\u00e9rj\u00fck, miel\u0151tt a fel\u00fcgyeleti hat\u00f3s\u00e1ghoz vagy b\u00edr\u00f3s\u00e1ghoz fordulna panasz\u00e1val \u2013 egyeztet\u00e9s \u00e9s a felmer\u00fclt probl\u00e9ma min\u00e9l gyorsabb megold\u00e1sa \u00e9rdek\u00e9ben \u2013 keressen meg minket.<\/p><h4>7. Melyek a f\u0151bb ir\u00e1nyad\u00f3 jogszab\u00e1lyok tev\u00e9kenys\u00e9g\u00fcnkre?<\/h4><p>\u2022 a term\u00e9szetes szem\u00e9lyeknek a szem\u00e9lyes adatok kezel\u00e9s\u00e9r\u0151l sz\u00f3l\u00f3 az Eur\u00f3pai Parlament \u00e9s a Tan\u00e1cs (EU) 2016\/679 rendelete (GDPR) <br \/>\u2022 az inform\u00e1ci\u00f3s \u00f6nrendelkez\u00e9si jogr\u00f3l \u00e9s az inform\u00e1ci\u00f3szabads\u00e1gr\u00f3l sz\u00f3l\u00f3 2011. \u00e9vi CXII. t\u00f6rv\u00e9ny (Info tv.) <br \/>\u2022 az egyes\u00fcl\u00e9si jogr\u00f3l, a k\u00f6zhaszn\u00fa jog\u00e1ll\u00e1sr\u00f3l, valamint a civil szervezetek m\u0171k\u00f6d\u00e9s\u00e9r\u0151l \u00e9s t\u00e1mogat\u00e1s\u00e1r\u00f3l sz\u00f3l\u00f3 2011. \u00e9vi CLXXV. t\u00f6rv\u00e9ny (Civil tv.) <br \/>\u2022 a k\u00f6z\u00e9rdek\u0171 \u00f6nk\u00e9ntes tev\u00e9kenys\u00e9gr\u0151l sz\u00f3l\u00f3 2005. \u00e9vi LXXXVIII. t\u00f6rv\u00e9ny <br \/>\u2022 a polg\u00e1ri t\u00f6rv\u00e9nyk\u00f6nyvr\u0151l sz\u00f3l\u00f3 2013. \u00e9vi V. t\u00f6rv\u00e9ny (Ptk.) <br \/>\u2022 a sz\u00e1mvitelr\u0151l sz\u00f3l\u00f3 2000. \u00e9vi C. t\u00f6rv\u00e9ny <br \/>\u2022 elektronikus h\u00edrk\u00f6zl\u00e9si t\u00f6rv\u00e9ny 2003. \u00e9vi C. t\u00f6rv\u00e9ny (Eht.) <br \/>\u2022 az elektronikus kereskedelmi szolg\u00e1ltat\u00e1sok, valamint az inform\u00e1ci\u00f3s t\u00e1rsadalommal \u00f6sszef\u00fcgg\u0151 szolg\u00e1ltat\u00e1sok egyes k\u00e9rd\u00e9seir\u0151l sz\u00f3l\u00f3 2001. \u00e9vi CVIII. t\u00f6rv\u00e9ny (Ektv.)<\/p><h4>8. Adatkezel\u00e9si t\u00e1j\u00e9koztat\u00f3 m\u00f3dos\u00edt\u00e1sa<\/h4><p>Fenntartjuk a jogot jelen adatkezel\u00e9si t\u00e1j\u00e9koztat\u00f3 m\u00f3dos\u00edt\u00e1s\u00e1ra, amelyr\u0151l az \u00e9rintetteket jogszab\u00e1lyban el\u0151\u00edrt m\u00f3don t\u00e1j\u00e9koztatjuk.<\/p><p>Budapest, 2024. \u00e1prilis 18.<\/p><p>XXX<br \/>eln\u00f6k<\/p><h4><a href=\"https:\/\/varostepitek.hu\/wp-content\/uploads\/2024\/04\/1.sz_.-melleklet.pdf\">1. sz. mell\u00e9klet &#8211; K\u00f6z\u00f6s adatkezel\u0151k, \u00d6n\u00e1ll\u00f3 adatkezel\u0151k, Adatfeldolgoz\u00f3ink<\/a><\/h4><h4><a href=\"https:\/\/varostepitek.hu\/wp-content\/uploads\/2024\/04\/2.sz_.melleklet.pdf\">2. sz. mell\u00e9klet &#8211; Az \u00e9rintettekkel kapcsolatban kezelt adatok<\/a><\/h4><h4><a href=\"https:\/\/varostepitek.hu\/wp-content\/uploads\/2024\/04\/3.sz_.melleklet.pdf\">3. sz. mell\u00e9klet &#8211; Honlapunkon tal\u00e1lhat\u00f3 s\u00fctik<\/a><\/h4>\t\t\t\t\t\t<\/div>\n\t\t\t\t<\/div>\n\t\t\t\t\t<\/div>\n\t\t\t\t<\/div>\n\t\t\t\t<\/div>\n\t\t\t\t\t<\/div>\n\t\t\t\t<\/div>\n\t\t<footer class=\"elementor-element elementor-element-7fc5fc42 e-flex e-con-boxed e-con e-parent\" data-id=\"7fc5fc42\" data-element_type=\"container\" data-settings=\"{&quot;background_background&quot;:&quot;classic&quot;}\" data-core-v316-plus=\"true\">\n\t\t\t\t\t<div class=\"e-con-inner\">\n\t\t\t\t<div class=\"elementor-element elementor-element-745f5e17 elementor-widget elementor-widget-image\" data-id=\"745f5e17\" data-element_type=\"widget\" data-widget_type=\"image.default\">\n\t\t\t\t<div class=\"elementor-widget-container\">\n\t\t\t\t\t\t\t\t\t\t\t\t\t<img fetchpriority=\"high\" decoding=\"async\" width=\"1024\" height=\"568\" src=\"https:\/\/varostepitek.hu\/wp-content\/uploads\/2024\/04\/varostepitek_logo2-01-1024x568.png\" class=\"attachment-large size-large wp-image-45\" alt=\"\" srcset=\"https:\/\/varostepitek.hu\/wp-content\/uploads\/2024\/04\/varostepitek_logo2-01-1024x568.png 1024w, https:\/\/varostepitek.hu\/wp-content\/uploads\/2024\/04\/varostepitek_logo2-01-300x166.png 300w, https:\/\/varostepitek.hu\/wp-content\/uploads\/2024\/04\/varostepitek_logo2-01-768x426.png 768w, https:\/\/varostepitek.hu\/wp-content\/uploads\/2024\/04\/varostepitek_logo2-01-1536x852.png 1536w, https:\/\/varostepitek.hu\/wp-content\/uploads\/2024\/04\/varostepitek_logo2-01.png 1772w\" sizes=\"(max-width: 1024px) 100vw, 1024px\" \/>\t\t\t\t\t\t\t\t\t\t\t\t\t<\/div>\n\t\t\t\t<\/div>\n\t\t\t\t<div class=\"elementor-element elementor-element-6d4d7782 elementor-widget elementor-widget-text-editor\" data-id=\"6d4d7782\" data-element_type=\"widget\" data-widget_type=\"text-editor.default\">\n\t\t\t\t<div class=\"elementor-widget-container\">\n\t\t\t\t\t\t\t<p>\u00a9 2024 &#8211; varostepitek.hu &#8211; minden jog fenntartva<\/p>\t\t\t\t\t\t<\/div>\n\t\t\t\t<\/div>\n\t\t\t\t\t<\/div>\n\t\t\t\t<\/footer>\n\t\t\t\t<\/div>\n\t\t","protected":false},"excerpt":{"rendered":"<p>Adatkezel\u00e9si t\u00e1j\u00e9koztat\u00f3 Amelyben t\u00e1j\u00e9koztatjuk \u00d6nt, mint (a www.varostepitek.hu oldal l\u00e1togat\u00f3jak\u00e9nt) adatkezel\u00e9s\u00fcnkben \u00e9rintettet adatkezel\u00e9si \u00e9s adatv\u00e9delmi szab\u00e1lyainkr\u00f3l. Tartalomjegyz\u00e9k 1. Milyen alapelveket [&hellip;]<\/p>\n","protected":false},"author":1,"featured_media":0,"parent":0,"menu_order":0,"comment_status":"closed","ping_status":"closed","template":"elementor_canvas","meta":{"site-sidebar-layout":"no-sidebar","site-content-layout":"","ast-site-content-layout":"full-width-container","site-content-style":"default","site-sidebar-style":"default","ast-global-header-display":"","ast-banner-title-visibility":"","ast-main-header-display":"","ast-hfb-above-header-display":"","ast-hfb-below-header-display":"","ast-hfb-mobile-header-display":"","site-post-title":"disabled","ast-breadcrumbs-content":"","ast-featured-img":"disabled","footer-sml-layout":"","theme-transparent-header-meta":"","adv-header-id-meta":"","stick-header-meta":"","header-above-stick-meta":"","header-main-stick-meta":"","header-below-stick-meta":"","astra-migrate-meta-layouts":"default","ast-page-background-enabled":"default","ast-page-background-meta":{"desktop":{"background-color":"var(--ast-global-color-4)","background-image":"","background-repeat":"repeat","background-position":"center center","background-size":"auto","background-attachment":"scroll","background-type":"","background-media":"","overlay-type":"","overlay-color":"","overlay-gradient":""},"tablet":{"background-color":"","background-image":"","background-repeat":"repeat","background-position":"center center","background-size":"auto","background-attachment":"scroll","background-type":"","background-media":"","overlay-type":"","overlay-color":"","overlay-gradient":""},"mobile":{"background-color":"","background-image":"","background-repeat":"repeat","background-position":"center center","background-size":"auto","background-attachment":"scroll","background-type":"","background-media":"","overlay-type":"","overlay-color":"","overlay-gradient":""}},"ast-content-background-meta":{"desktop":{"background-color":"var(--ast-global-color-5)","background-image":"","background-repeat":"repeat","background-position":"center center","background-size":"auto","background-attachment":"scroll","background-type":"","background-media":"","overlay-type":"","overlay-color":"","overlay-gradient":""},"tablet":{"background-color":"var(--ast-global-color-5)","background-image":"","background-repeat":"repeat","background-position":"center center","background-size":"auto","background-attachment":"scroll","background-type":"","background-media":"","overlay-type":"","overlay-color":"","overlay-gradient":""},"mobile":{"background-color":"var(--ast-global-color-5)","background-image":"","background-repeat":"repeat","background-position":"center center","background-size":"auto","background-attachment":"scroll","background-type":"","background-media":"","overlay-type":"","overlay-color":"","overlay-gradient":""}},"footnotes":""},"class_list":["post-434","page","type-page","status-publish","hentry"],"yoast_head":"<!-- This site is optimized with the Yoast SEO plugin v22.4 - https:\/\/yoast.com\/wordpress\/plugins\/seo\/ -->\n<title>Adatkezel\u00e9si t\u00e1j\u00e9koztat\u00f3 - V\u00e1rost \u00c9p\u00edtek<\/title>\n<meta name=\"robots\" content=\"index, follow, max-snippet:-1, max-image-preview:large, max-video-preview:-1\" \/>\n<link rel=\"canonical\" href=\"https:\/\/varostepitek.hu\/?page_id=434\" \/>\n<meta property=\"og:locale\" content=\"hu_HU\" \/>\n<meta property=\"og:type\" content=\"article\" \/>\n<meta property=\"og:title\" content=\"Adatkezel\u00e9si t\u00e1j\u00e9koztat\u00f3 - V\u00e1rost \u00c9p\u00edtek\" \/>\n<meta property=\"og:description\" content=\"Adatkezel\u00e9si t\u00e1j\u00e9koztat\u00f3 Amelyben t\u00e1j\u00e9koztatjuk \u00d6nt, mint (a www.varostepitek.hu oldal l\u00e1togat\u00f3jak\u00e9nt) adatkezel\u00e9s\u00fcnkben \u00e9rintettet adatkezel\u00e9si \u00e9s adatv\u00e9delmi szab\u00e1lyainkr\u00f3l. Tartalomjegyz\u00e9k 1. Milyen alapelveket [&hellip;]\" \/>\n<meta property=\"og:url\" content=\"https:\/\/varostepitek.hu\/?page_id=434\" \/>\n<meta property=\"og:site_name\" content=\"V\u00e1rost \u00c9p\u00edtek\" \/>\n<meta property=\"article:modified_time\" content=\"2024-04-19T12:20:06+00:00\" \/>\n<meta property=\"og:image\" content=\"https:\/\/varostepitek.hu\/wp-content\/uploads\/2024\/04\/varostepitek_logo2-01-1024x568.png\" \/>\n<meta name=\"twitter:card\" content=\"summary_large_image\" \/>\n<meta name=\"twitter:label1\" content=\"Becs\u00fclt olvas\u00e1si id\u0151\" \/>\n\t<meta name=\"twitter:data1\" content=\"27 perc\" \/>\n<script type=\"application\/ld+json\" class=\"yoast-schema-graph\">{\"@context\":\"https:\/\/schema.org\",\"@graph\":[{\"@type\":\"WebPage\",\"@id\":\"https:\/\/varostepitek.hu\/?page_id=434\",\"url\":\"https:\/\/varostepitek.hu\/?page_id=434\",\"name\":\"Adatkezel\u00e9si t\u00e1j\u00e9koztat\u00f3 - V\u00e1rost \u00c9p\u00edtek\",\"isPartOf\":{\"@id\":\"https:\/\/varostepitek.hu\/#website\"},\"primaryImageOfPage\":{\"@id\":\"https:\/\/varostepitek.hu\/?page_id=434#primaryimage\"},\"image\":{\"@id\":\"https:\/\/varostepitek.hu\/?page_id=434#primaryimage\"},\"thumbnailUrl\":\"https:\/\/varostepitek.hu\/wp-content\/uploads\/2024\/04\/varostepitek_logo2-01-1024x568.png\",\"datePublished\":\"2024-04-19T11:43:46+00:00\",\"dateModified\":\"2024-04-19T12:20:06+00:00\",\"breadcrumb\":{\"@id\":\"https:\/\/varostepitek.hu\/?page_id=434#breadcrumb\"},\"inLanguage\":\"hu\",\"potentialAction\":[{\"@type\":\"ReadAction\",\"target\":[\"https:\/\/varostepitek.hu\/?page_id=434\"]}]},{\"@type\":\"ImageObject\",\"inLanguage\":\"hu\",\"@id\":\"https:\/\/varostepitek.hu\/?page_id=434#primaryimage\",\"url\":\"https:\/\/varostepitek.hu\/wp-content\/uploads\/2024\/04\/varostepitek_logo2-01.png\",\"contentUrl\":\"https:\/\/varostepitek.hu\/wp-content\/uploads\/2024\/04\/varostepitek_logo2-01.png\",\"width\":1772,\"height\":983},{\"@type\":\"BreadcrumbList\",\"@id\":\"https:\/\/varostepitek.hu\/?page_id=434#breadcrumb\",\"itemListElement\":[{\"@type\":\"ListItem\",\"position\":1,\"name\":\"Kezd\u0151lap\",\"item\":\"https:\/\/varostepitek.hu\/\"},{\"@type\":\"ListItem\",\"position\":2,\"name\":\"Adatkezel\u00e9si t\u00e1j\u00e9koztat\u00f3\"}]},{\"@type\":\"WebSite\",\"@id\":\"https:\/\/varostepitek.hu\/#website\",\"url\":\"https:\/\/varostepitek.hu\/\",\"name\":\"V\u00e1rost \u00c9p\u00edtek\",\"description\":\"\",\"potentialAction\":[{\"@type\":\"SearchAction\",\"target\":{\"@type\":\"EntryPoint\",\"urlTemplate\":\"https:\/\/varostepitek.hu\/?s={search_term_string}\"},\"query-input\":\"required name=search_term_string\"}],\"inLanguage\":\"hu\"}]}<\/script>\n<!-- \/ Yoast SEO plugin. -->","yoast_head_json":{"title":"Adatkezel\u00e9si t\u00e1j\u00e9koztat\u00f3 - V\u00e1rost \u00c9p\u00edtek","robots":{"index":"index","follow":"follow","max-snippet":"max-snippet:-1","max-image-preview":"max-image-preview:large","max-video-preview":"max-video-preview:-1"},"canonical":"https:\/\/varostepitek.hu\/?page_id=434","og_locale":"hu_HU","og_type":"article","og_title":"Adatkezel\u00e9si t\u00e1j\u00e9koztat\u00f3 - V\u00e1rost \u00c9p\u00edtek","og_description":"Adatkezel\u00e9si t\u00e1j\u00e9koztat\u00f3 Amelyben t\u00e1j\u00e9koztatjuk \u00d6nt, mint (a www.varostepitek.hu oldal l\u00e1togat\u00f3jak\u00e9nt) adatkezel\u00e9s\u00fcnkben \u00e9rintettet adatkezel\u00e9si \u00e9s adatv\u00e9delmi szab\u00e1lyainkr\u00f3l. Tartalomjegyz\u00e9k 1. Milyen alapelveket [&hellip;]","og_url":"https:\/\/varostepitek.hu\/?page_id=434","og_site_name":"V\u00e1rost \u00c9p\u00edtek","article_modified_time":"2024-04-19T12:20:06+00:00","og_image":[{"url":"https:\/\/varostepitek.hu\/wp-content\/uploads\/2024\/04\/varostepitek_logo2-01-1024x568.png"}],"twitter_card":"summary_large_image","twitter_misc":{"Becs\u00fclt olvas\u00e1si id\u0151":"27 perc"},"schema":{"@context":"https:\/\/schema.org","@graph":[{"@type":"WebPage","@id":"https:\/\/varostepitek.hu\/?page_id=434","url":"https:\/\/varostepitek.hu\/?page_id=434","name":"Adatkezel\u00e9si t\u00e1j\u00e9koztat\u00f3 - V\u00e1rost \u00c9p\u00edtek","isPartOf":{"@id":"https:\/\/varostepitek.hu\/#website"},"primaryImageOfPage":{"@id":"https:\/\/varostepitek.hu\/?page_id=434#primaryimage"},"image":{"@id":"https:\/\/varostepitek.hu\/?page_id=434#primaryimage"},"thumbnailUrl":"https:\/\/varostepitek.hu\/wp-content\/uploads\/2024\/04\/varostepitek_logo2-01-1024x568.png","datePublished":"2024-04-19T11:43:46+00:00","dateModified":"2024-04-19T12:20:06+00:00","breadcrumb":{"@id":"https:\/\/varostepitek.hu\/?page_id=434#breadcrumb"},"inLanguage":"hu","potentialAction":[{"@type":"ReadAction","target":["https:\/\/varostepitek.hu\/?page_id=434"]}]},{"@type":"ImageObject","inLanguage":"hu","@id":"https:\/\/varostepitek.hu\/?page_id=434#primaryimage","url":"https:\/\/varostepitek.hu\/wp-content\/uploads\/2024\/04\/varostepitek_logo2-01.png","contentUrl":"https:\/\/varostepitek.hu\/wp-content\/uploads\/2024\/04\/varostepitek_logo2-01.png","width":1772,"height":983},{"@type":"BreadcrumbList","@id":"https:\/\/varostepitek.hu\/?page_id=434#breadcrumb","itemListElement":[{"@type":"ListItem","position":1,"name":"Kezd\u0151lap","item":"https:\/\/varostepitek.hu\/"},{"@type":"ListItem","position":2,"name":"Adatkezel\u00e9si t\u00e1j\u00e9koztat\u00f3"}]},{"@type":"WebSite","@id":"https:\/\/varostepitek.hu\/#website","url":"https:\/\/varostepitek.hu\/","name":"V\u00e1rost \u00c9p\u00edtek","description":"","potentialAction":[{"@type":"SearchAction","target":{"@type":"EntryPoint","urlTemplate":"https:\/\/varostepitek.hu\/?s={search_term_string}"},"query-input":"required name=search_term_string"}],"inLanguage":"hu"}]}},"_links":{"self":[{"href":"https:\/\/varostepitek.hu\/index.php?rest_route=\/wp\/v2\/pages\/434","targetHints":{"allow":["GET"]}}],"collection":[{"href":"https:\/\/varostepitek.hu\/index.php?rest_route=\/wp\/v2\/pages"}],"about":[{"href":"https:\/\/varostepitek.hu\/index.php?rest_route=\/wp\/v2\/types\/page"}],"author":[{"embeddable":true,"href":"https:\/\/varostepitek.hu\/index.php?rest_route=\/wp\/v2\/users\/1"}],"replies":[{"embeddable":true,"href":"https:\/\/varostepitek.hu\/index.php?rest_route=%2Fwp%2Fv2%2Fcomments&post=434"}],"version-history":[{"count":29,"href":"https:\/\/varostepitek.hu\/index.php?rest_route=\/wp\/v2\/pages\/434\/revisions"}],"predecessor-version":[{"id":469,"href":"https:\/\/varostepitek.hu\/index.php?rest_route=\/wp\/v2\/pages\/434\/revisions\/469"}],"wp:attachment":[{"href":"https:\/\/varostepitek.hu\/index.php?rest_route=%2Fwp%2Fv2%2Fmedia&parent=434"}],"curies":[{"name":"wp","href":"https:\/\/api.w.org\/{rel}","templated":true}]}}